{"id":1394,"date":"2023-06-16T06:51:19","date_gmt":"2023-06-16T06:51:19","guid":{"rendered":"https:\/\/www.natuurlijkekappers.be\/?page_id=1394"},"modified":"2025-05-26T14:11:25","modified_gmt":"2025-05-26T14:11:25","slug":"tous-les-salons-nature-en-belgique","status":"publish","type":"page","link":"https:\/\/www.natuurlijkekappers.be\/fr\/alle-natuursalons-van-belgie\/","title":{"rendered":"Belgique"},"content":{"rendered":"<p><div class=\"fusion-fullwidth fullwidth-box fusion-builder-row-1 fusion-flex-container has-pattern-background has-mask-background nonhundred-percent-fullwidth non-hundred-percent-height-scrolling\" style=\"--awb-border-radius-top-left:0px;--awb-border-radius-top-right:0px;--awb-border-radius-bottom-right:0px;--awb-border-radius-bottom-left:0px;--awb-flex-wrap:wrap;\" ><div class=\"fusion-builder-row fusion-row fusion-flex-align-items-flex-start fusion-flex-content-wrap\" style=\"max-width:1248px;margin-left: calc(-4% \/ 2 );margin-right: calc(-4% \/ 2 );\"><div class=\"fusion-layout-column fusion_builder_column fusion-builder-column-0 fusion_builder_column_1_1 1_1 fusion-flex-column\" style=\"--awb-padding-top:20px;--awb-bg-size:cover;--awb-width-large:100%;--awb-margin-top-large:0px;--awb-spacing-right-large:1.92%;--awb-margin-bottom-large:20px;--awb-spacing-left-large:1.92%;--awb-width-medium:100%;--awb-order-medium:0;--awb-spacing-right-medium:1.92%;--awb-spacing-left-medium:1.92%;--awb-width-small:100%;--awb-order-small:0;--awb-spacing-right-small:1.92%;--awb-spacing-left-small:1.92%;\" data-scroll-devices=\"small-visibility,medium-visibility,large-visibility\"><div class=\"fusion-column-wrapper fusion-column-has-shadow fusion-flex-justify-content-flex-start fusion-content-layout-column\"><div class=\"fusion-separator fusion-no-medium-visibility fusion-no-large-visibility fusion-full-width-sep\" style=\"align-self: center;margin-left: auto;margin-right: auto;margin-top:50px;width:100%;\"><div class=\"fusion-separator-border sep-double\" style=\"--awb-height:20px;--awb-amount:20px;border-color:var(--awb-color3);border-top-width:0px;border-bottom-width:0px;\"><\/div><\/div><div class=\"fusion-title title fusion-title-1 fusion-sep-none fusion-title-text fusion-title-size-one\" style=\"--awb-margin-top-small:10px;--awb-margin-right-small:0px;--awb-margin-bottom-small:10px;--awb-margin-left-small:0px;--awb-font-size:26px;\"><h1 class=\"fusion-title-heading title-heading-left\" style=\"margin:0;text-transform:none;font-size:1em;\">Hier vind je de beste natuurlijke kappers van Belgi\u00eb!<\/h1><\/div><\/div><\/div><\/div><\/div>\n<div class=\"fusion-fullwidth fullwidth-box fusion-builder-row-2 fusion-flex-container has-pattern-background has-mask-background nonhundred-percent-fullwidth non-hundred-percent-height-scrolling\" style=\"--awb-border-radius-top-left:0px;--awb-border-radius-top-right:0px;--awb-border-radius-bottom-right:0px;--awb-border-radius-bottom-left:0px;--awb-flex-wrap:wrap;\" ><div class=\"fusion-builder-row fusion-row fusion-flex-align-items-flex-start fusion-flex-content-wrap\" style=\"max-width:1248px;margin-left: calc(-4% \/ 2 );margin-right: calc(-4% \/ 2 );\"><div class=\"fusion-layout-column fusion_builder_column fusion-builder-column-1 fusion_builder_column_1_1 1_1 fusion-flex-column\" style=\"--awb-bg-size:cover;--awb-width-large:100%;--awb-margin-top-large:0px;--awb-spacing-right-large:1.92%;--awb-margin-bottom-large:20px;--awb-spacing-left-large:1.92%;--awb-width-medium:100%;--awb-order-medium:0;--awb-spacing-right-medium:1.92%;--awb-spacing-left-medium:1.92%;--awb-width-small:100%;--awb-order-small:0;--awb-spacing-right-small:1.92%;--awb-spacing-left-small:1.92%;\"><div class=\"fusion-column-wrapper fusion-column-has-shadow fusion-flex-justify-content-flex-start fusion-content-layout-column\"><div class=\"fusion-text fusion-text-1\"><p>D\u00e9couvrez les meilleurs salons de coiffure naturels en Belgique sur Natural Hairdressers. Attentifs au d\u00e9veloppement durable et utilisant des produits biologiques de haute qualit\u00e9, ces salons proposent des traitements capillaires sains et respectueux de l'environnement. Trouvez le salon le plus proche de chez vous et profitez d'une exp\u00e9rience de coiffure naturelle qui respecte vos cheveux et l'environnement.<\/p>\n<\/div><\/div><\/div><\/div><\/div><div class=\"fusion-fullwidth fullwidth-box fusion-builder-row-3 fusion-flex-container has-pattern-background has-mask-background nonhundred-percent-fullwidth non-hundred-percent-height-scrolling\" style=\"--awb-border-radius-top-left:0px;--awb-border-radius-top-right:0px;--awb-border-radius-bottom-right:0px;--awb-border-radius-bottom-left:0px;--awb-flex-wrap:wrap;\" ><div class=\"fusion-builder-row fusion-row fusion-flex-align-items-flex-start fusion-flex-content-wrap\" style=\"max-width:1248px;margin-left: calc(-4% \/ 2 );margin-right: calc(-4% \/ 2 );\"><div class=\"fusion-layout-column fusion_builder_column fusion-builder-column-2 fusion_builder_column_1_1 1_1 fusion-flex-column\" style=\"--awb-bg-size:cover;--awb-width-large:100%;--awb-margin-top-large:0px;--awb-spacing-right-large:1.92%;--awb-margin-bottom-large:20px;--awb-spacing-left-large:1.92%;--awb-width-medium:100%;--awb-order-medium:0;--awb-spacing-right-medium:1.92%;--awb-spacing-left-medium:1.92%;--awb-width-small:100%;--awb-order-small:0;--awb-spacing-right-small:1.92%;--awb-spacing-left-small:1.92%;\"><div class=\"fusion-column-wrapper fusion-column-has-shadow fusion-flex-justify-content-flex-start fusion-content-layout-column\"><div class=\"fusion-post-cards fusion-post-cards-1 fusion-grid-archive fusion-grid-columns-4\" style=\"--awb-dots-align:center;--awb-filters-color:var(--awb-color8);--awb-active-filter-border-size:3px;--awb-filters-height:36px;--awb-filters-alignment-medium:flex-start;--awb-filters-alignment-small:flex-start;\" data-post-type-label=\"natuurlijke kapsalons\"><div><ul class=\"fusion-filters\" role=\"menu\" aria-label=\"Post Filters\"><li role=\"presentation\" class=\"fusion-filter fusion-filter-all fusion-active\"><a href=\"#\" data-filter=\"*\" role=\"menuitem\">All<\/a><\/li><li role=\"presentation\" class=\"fusion-filter fusion-hidden\"><a href=\"#\" data-filter=\".nieuws\" role=\"menuitem\">Actualit\u00e9s<\/a><\/li><li role=\"presentation\" class=\"fusion-filter fusion-hidden\"><a href=\"#\" data-filter=\".provincie-antwerpen-an\" role=\"menuitem\">Province d'Anvers (AN)<\/a><\/li><li role=\"presentation\" class=\"fusion-filter fusion-hidden\"><a href=\"#\" data-filter=\".provincie-brussels-hoofdstedelijk-gewest-bhg\" role=\"menuitem\">Province de Bruxelles-Capitale (BCR)<\/a><\/li><li role=\"presentation\" class=\"fusion-filter fusion-hidden\"><a href=\"#\" data-filter=\".provincie-henegouwen-hn\" role=\"menuitem\">Province du Hainaut (HN)<\/a><\/li><li role=\"presentation\" class=\"fusion-filter fusion-hidden\"><a href=\"#\" data-filter=\".provincie-limburg-li\" role=\"menuitem\">Province du Limbourg (LI)<\/a><\/li><li role=\"presentation\" class=\"fusion-filter fusion-hidden\"><a href=\"#\" data-filter=\".provincie-luik-lu\" role=\"menuitem\">Province de Li\u00e8ge (LU)<\/a><\/li><li role=\"presentation\" class=\"fusion-filter fusion-hidden\"><a href=\"#\" data-filter=\".provincie-luxemburg-lx\" role=\"menuitem\">Province de Luxembourg (LX)<\/a><\/li><li role=\"presentation\" class=\"fusion-filter fusion-hidden\"><a href=\"#\" data-filter=\".provincie-namen-na\" role=\"menuitem\">Province de Namur (NA)<\/a><\/li><li role=\"presentation\" class=\"fusion-filter fusion-hidden\"><a href=\"#\" data-filter=\".provincie-oost-vlaanderen-ov\" role=\"menuitem\">Province de Flandre orientale (OV)<\/a><\/li><li role=\"presentation\" class=\"fusion-filter fusion-hidden\"><a href=\"#\" data-filter=\".provincie-vlaams-brabant-vb\" role=\"menuitem\">Province du Brabant flamand (VB)<\/a><\/li><li role=\"presentation\" class=\"fusion-filter fusion-hidden\"><a href=\"#\" data-filter=\".provincie-waals-brabant-wb\" role=\"menuitem\">Province du Brabant wallon (WB)<\/a><\/li><li role=\"presentation\" class=\"fusion-filter fusion-hidden\"><a href=\"#\" data-filter=\".provincie-west-vlaanderen-wv\" role=\"menuitem\">Province de Flandre occidentale (WV)<\/a><\/li><li role=\"presentation\" class=\"fusion-filter fusion-hidden\"><a href=\"#\" data-filter=\".uitgelicht\" role=\"menuitem\">En vedette<\/a><\/li><\/ul><\/div><ul class=\"fusion-grid fusion-grid-4 fusion-flex-align-items-flex-start fusion-grid-posts-cards\"><li class=\"fusion-layout-column fusion_builder_column fusion-builder-column-3 fusion-flex-column post-card fusion-grid-column fusion-post-cards-grid-column provincie-henegouwen-hn provincie-oost-vlaanderen-ov provincie-vlaams-brabant-vb provincie-west-vlaanderen-wv uitgelicht\" style=\"--awb-padding-bottom:40px;--awb-bg-color:#dfddd2;--awb-bg-color-hover:#dfddd2;--awb-bg-blend:overlay;--awb-bg-size:cover;--awb-flex-grow:0;--awb-flex-shrink:0;--awb-flex-grow-medium:0;--awb-flex-shrink-medium:0;--awb-flex-grow-small:0;--awb-flex-shrink-small:0;\" data-scroll-devices=\"small-visibility,medium-visibility,large-visibility\"><div class=\"fusion-column-wrapper fusion-column-has-shadow fusion-flex-justify-content-flex-start fusion-content-layout-column\"><div class=\"fusion-text fusion-text-2 fusion-text-no-margin plaats-class\" style=\"--awb-content-alignment:center;--awb-text-transform:uppercase;--awb-margin-top:10px;--awb-margin-right:30px;--awb-margin-bottom:10px;--awb-margin-left:30px;\"><p>Nukerke Maarkedal<\/p>\n<\/div><div class=\"fusion-image-element\" style=\"--awb-aspect-ratio:1 \/ 1;--awb-object-position:49% 53%;--awb-margin-bottom:40px;--awb-caption-title-color:var(--awb-color1);--awb-caption-text-color:var(--awb-color1);--awb-caption-overlay-color:var(--awb-color8);--awb-caption-background-color:var(--awb-color5);--awb-caption-title-font-family:var(--h2_typography-font-family);--awb-caption-title-font-weight:var(--h2_typography-font-weight);--awb-caption-title-font-style:var(--h2_typography-font-style);--awb-caption-title-size:var(--h2_typography-font-size);--awb-caption-title-transform:var(--h2_typography-text-transform);--awb-caption-title-line-height:var(--h2_typography-line-height);--awb-caption-title-letter-spacing:var(--h2_typography-letter-spacing);\"><span class=\"fusion-imageframe imageframe-none imageframe-1 hover-type-none has-aspect-ratio\"><a class=\"fusion-no-lightbox\" href=\"https:\/\/www.natuurlijkekappers.be\/fr\/natuurlijke-kapsalon\/sakura-wellnessfarm\/\" target=\"_self\" aria-label=\"ferme de bien-\u00eatre sakura\"><img decoding=\"async\" width=\"2560\" height=\"1536\" alt=\"ferme de bien-\u00eatre sakura\" src=\"https:\/\/www.natuurlijkekappers.be\/wp-content\/uploads\/2026\/03\/sakura-wellnessfarm-scaled.png\" data-orig-src=\"https:\/\/www.natuurlijkekappers.be\/wp-content\/uploads\/2026\/03\/sakura-wellnessfarm-scaled.png\" class=\"lazyload img-responsive wp-image-1782 img-with-aspect-ratio\" data-parent-fit=\"cover\" data-parent-container=\".fusion-image-element\" srcset=\"data:image\/svg+xml,%3Csvg%20xmlns%3D%27http%3A%2F%2Fwww.w3.org%2F2000%2Fsvg%27%20width%3D%272560%27%20height%3D%271536%27%20viewBox%3D%270%200%202560%201536%27%3E%3Crect%20width%3D%272560%27%20height%3D%271536%27%20fill-opacity%3D%220%22%2F%3E%3C%2Fsvg%3E\" data-srcset=\"https:\/\/www.natuurlijkekappers.be\/wp-content\/uploads\/2026\/03\/sakura-wellnessfarm-200x120.png 200w, https:\/\/www.natuurlijkekappers.be\/wp-content\/uploads\/2026\/03\/sakura-wellnessfarm-400x240.png 400w, https:\/\/www.natuurlijkekappers.be\/wp-content\/uploads\/2026\/03\/sakura-wellnessfarm-600x360.png 600w, https:\/\/www.natuurlijkekappers.be\/wp-content\/uploads\/2026\/03\/sakura-wellnessfarm-800x480.png 800w, https:\/\/www.natuurlijkekappers.be\/wp-content\/uploads\/2026\/03\/sakura-wellnessfarm-1200x720.png 1200w, https:\/\/www.natuurlijkekappers.be\/wp-content\/uploads\/2026\/03\/sakura-wellnessfarm-scaled.png 2560w\" data-sizes=\"auto\" data-orig-sizes=\"(max-width: 800px) 100vw, 1200px\" \/><\/a><\/span><\/div><div class=\"fusion-title title fusion-title-2 fusion-sep-none fusion-title-text fusion-title-size-five\" style=\"--awb-margin-top:0px;--awb-margin-right:40px;--awb-margin-bottom:10px;--awb-margin-left:30px;--awb-margin-top-small:10px;--awb-margin-right-small:30px;--awb-margin-bottom-small:10px;--awb-margin-left-small:30px;--awb-font-size:17px;\"><h5 class=\"fusion-title-heading title-heading-left\" style=\"margin:0;font-size:1em;line-height:24px;\"><a href=\"https:\/\/www.natuurlijkekappers.be\/fr\/natuurlijke-kapsalon\/sakura-wellnessfarm\/\" class=\"awb-custom-text-color awb-custom-text-hover-color\" target=\"_self\">Ferme de bien-\u00eatre Sakura<\/a><\/h5><\/div><div class=\"fusion-text fusion-text-3 fusion-text-no-margin\" style=\"--awb-font-size:14px;--awb-margin-top:10px;--awb-margin-right:30px;--awb-margin-bottom:0px;--awb-margin-left:30px;\"><p>Terpoort 2<br \/>\nNukerke Maarkedal<br \/>\n9681<\/p>\n<\/div><div class=\"fusion-separator fusion-full-width-sep\" style=\"align-self: center;margin-left: auto;margin-right: auto;flex-grow:2;width:100%;\"><div class=\"fusion-separator-border sep-single sep-solid\" style=\"--awb-height:20px;--awb-amount:20px;border-color:var(--awb-color3);border-top-width:0px;\"><\/div><\/div><div ><a class=\"fusion-button button-flat fusion-button-default-size button-custom fusion-button-default button-1 fusion-button-default-span\" style=\"--awb-padding-top:13px;--awb-padding-right:29px;--awb-padding-bottom:0px;--awb-padding-left:30px;--button_accent_color:var(--awb-color5);--button_border_color:var(--awb-color5);--button_accent_hover_color:hsla(var(--awb-color5-h),var(--awb-color5-s),var(--awb-color5-l),calc(var(--awb-color5-a) - 20%));--button_border_hover_color:var(--awb-color4);--button_border_width-top:0px;--button_border_width-right:0px;--button_border_width-bottom:0px;--button_border_width-left:0px;--button-border-radius-top-left:4px;--button-border-radius-top-right:4px;--button-border-radius-bottom-right:4px;--button-border-radius-bottom-left:4px;--button_gradient_top_color:hsla(var(--awb-color1-h),var(--awb-color1-s),var(--awb-color1-l),calc(var(--awb-color1-a) - 100%));--button_gradient_bottom_color:hsla(var(--awb-color1-h),var(--awb-color1-s),var(--awb-color1-l),calc(var(--awb-color1-a) - 100%));--button_gradient_top_color_hover:hsla(var(--awb-color1-h),var(--awb-color1-s),var(--awb-color1-l),calc(var(--awb-color1-a) - 100%));--button_gradient_bottom_color_hover:hsla(var(--awb-color1-h),var(--awb-color1-s),var(--awb-color1-l),calc(var(--awb-color1-a) - 100%));--button_text_transform:var(--awb-typography3-text-transform);--button_font_size:var(--awb-typography3-font-size);--button_line_height:var(--awb-typography3-line-height);--button_typography-letter-spacing:var(--awb-typography3-letter-spacing);--button_typography-font-family:var(--awb-typography3-font-family);--button_typography-font-weight:var(--awb-typography3-font-weight);--button_typography-font-style:var(--awb-typography3-font-style);\" target=\"_self\" href=\"https:\/\/www.natuurlijkekappers.be\/fr\/natuurlijke-kapsalon\/sakura-wellnessfarm\/\"><span class=\"fusion-button-text awb-button__text awb-button__text--default\">Voir plus de ce salon<\/span><\/a><\/div><\/div><\/li>\n<li class=\"fusion-layout-column fusion_builder_column fusion-builder-column-4 fusion-flex-column post-card fusion-grid-column fusion-post-cards-grid-column provincie-west-vlaanderen-wv uitgelicht\" style=\"--awb-padding-bottom:40px;--awb-bg-color:#dfddd2;--awb-bg-color-hover:#dfddd2;--awb-bg-blend:overlay;--awb-bg-size:cover;--awb-flex-grow:0;--awb-flex-shrink:0;--awb-flex-grow-medium:0;--awb-flex-shrink-medium:0;--awb-flex-grow-small:0;--awb-flex-shrink-small:0;\" data-scroll-devices=\"small-visibility,medium-visibility,large-visibility\"><div class=\"fusion-column-wrapper fusion-column-has-shadow fusion-flex-justify-content-flex-start fusion-content-layout-column\"><div class=\"fusion-text fusion-text-4 fusion-text-no-margin plaats-class\" style=\"--awb-content-alignment:center;--awb-text-transform:uppercase;--awb-margin-top:10px;--awb-margin-right:30px;--awb-margin-bottom:10px;--awb-margin-left:30px;\"><p>Ypres<\/p>\n<\/div><div class=\"fusion-image-element\" style=\"--awb-aspect-ratio:1 \/ 1;--awb-object-position:49% 53%;--awb-margin-bottom:40px;--awb-caption-title-color:var(--awb-color1);--awb-caption-text-color:var(--awb-color1);--awb-caption-overlay-color:var(--awb-color8);--awb-caption-background-color:var(--awb-color5);--awb-caption-title-font-family:var(--h2_typography-font-family);--awb-caption-title-font-weight:var(--h2_typography-font-weight);--awb-caption-title-font-style:var(--h2_typography-font-style);--awb-caption-title-size:var(--h2_typography-font-size);--awb-caption-title-transform:var(--h2_typography-text-transform);--awb-caption-title-line-height:var(--h2_typography-line-height);--awb-caption-title-letter-spacing:var(--h2_typography-letter-spacing);\"><span class=\"fusion-imageframe imageframe-none imageframe-2 hover-type-none has-aspect-ratio\"><a class=\"fusion-no-lightbox\" href=\"https:\/\/www.natuurlijkekappers.be\/fr\/natuurlijke-kapsalon\/hoofdzaak-nana\/\" target=\"_self\" aria-label=\"Capitale Nana\"><img decoding=\"async\" width=\"350\" height=\"350\" alt=\"Capitale Nana\" src=\"https:\/\/www.natuurlijkekappers.be\/wp-content\/uploads\/2025\/05\/Hoofdzaak-Nana.png\" data-orig-src=\"https:\/\/www.natuurlijkekappers.be\/wp-content\/uploads\/2025\/05\/Hoofdzaak-Nana.png\" class=\"lazyload img-responsive wp-image-1721 img-with-aspect-ratio\" data-parent-fit=\"cover\" data-parent-container=\".fusion-image-element\" srcset=\"data:image\/svg+xml,%3Csvg%20xmlns%3D%27http%3A%2F%2Fwww.w3.org%2F2000%2Fsvg%27%20width%3D%27350%27%20height%3D%27350%27%20viewBox%3D%270%200%20350%20350%27%3E%3Crect%20width%3D%27350%27%20height%3D%27350%27%20fill-opacity%3D%220%22%2F%3E%3C%2Fsvg%3E\" data-srcset=\"https:\/\/www.natuurlijkekappers.be\/wp-content\/uploads\/2025\/05\/Hoofdzaak-Nana-200x200.png 200w, https:\/\/www.natuurlijkekappers.be\/wp-content\/uploads\/2025\/05\/Hoofdzaak-Nana.png 350w\" data-sizes=\"auto\" data-orig-sizes=\"(max-width: 800px) 100vw, 350px\" \/><\/a><\/span><\/div><div class=\"fusion-title title fusion-title-3 fusion-sep-none fusion-title-text fusion-title-size-five\" style=\"--awb-margin-top:0px;--awb-margin-right:40px;--awb-margin-bottom:10px;--awb-margin-left:30px;--awb-margin-top-small:10px;--awb-margin-right-small:30px;--awb-margin-bottom-small:10px;--awb-margin-left-small:30px;--awb-font-size:17px;\"><h5 class=\"fusion-title-heading title-heading-left\" style=\"margin:0;font-size:1em;line-height:24px;\"><a href=\"https:\/\/www.natuurlijkekappers.be\/fr\/natuurlijke-kapsalon\/hoofdzaak-nana\/\" class=\"awb-custom-text-color awb-custom-text-hover-color\" target=\"_self\">Capitale Nana<\/a><\/h5><\/div><div class=\"fusion-text fusion-text-5 fusion-text-no-margin\" style=\"--awb-font-size:14px;--awb-margin-top:10px;--awb-margin-right:30px;--awb-margin-bottom:0px;--awb-margin-left:30px;\"><p>Rijselstraat 50, 8900 Ypres<\/p>\n<\/div><div class=\"fusion-separator fusion-full-width-sep\" style=\"align-self: center;margin-left: auto;margin-right: auto;flex-grow:2;width:100%;\"><div class=\"fusion-separator-border sep-single sep-solid\" style=\"--awb-height:20px;--awb-amount:20px;border-color:var(--awb-color3);border-top-width:0px;\"><\/div><\/div><div ><a class=\"fusion-button button-flat fusion-button-default-size button-custom fusion-button-default button-2 fusion-button-default-span\" style=\"--awb-padding-top:13px;--awb-padding-right:29px;--awb-padding-bottom:0px;--awb-padding-left:30px;--button_accent_color:var(--awb-color5);--button_border_color:var(--awb-color5);--button_accent_hover_color:hsla(var(--awb-color5-h),var(--awb-color5-s),var(--awb-color5-l),calc(var(--awb-color5-a) - 20%));--button_border_hover_color:var(--awb-color4);--button_border_width-top:0px;--button_border_width-right:0px;--button_border_width-bottom:0px;--button_border_width-left:0px;--button-border-radius-top-left:4px;--button-border-radius-top-right:4px;--button-border-radius-bottom-right:4px;--button-border-radius-bottom-left:4px;--button_gradient_top_color:hsla(var(--awb-color1-h),var(--awb-color1-s),var(--awb-color1-l),calc(var(--awb-color1-a) - 100%));--button_gradient_bottom_color:hsla(var(--awb-color1-h),var(--awb-color1-s),var(--awb-color1-l),calc(var(--awb-color1-a) - 100%));--button_gradient_top_color_hover:hsla(var(--awb-color1-h),var(--awb-color1-s),var(--awb-color1-l),calc(var(--awb-color1-a) - 100%));--button_gradient_bottom_color_hover:hsla(var(--awb-color1-h),var(--awb-color1-s),var(--awb-color1-l),calc(var(--awb-color1-a) - 100%));--button_text_transform:var(--awb-typography3-text-transform);--button_font_size:var(--awb-typography3-font-size);--button_line_height:var(--awb-typography3-line-height);--button_typography-letter-spacing:var(--awb-typography3-letter-spacing);--button_typography-font-family:var(--awb-typography3-font-family);--button_typography-font-weight:var(--awb-typography3-font-weight);--button_typography-font-style:var(--awb-typography3-font-style);\" target=\"_self\" href=\"https:\/\/www.natuurlijkekappers.be\/fr\/natuurlijke-kapsalon\/hoofdzaak-nana\/\"><span class=\"fusion-button-text awb-button__text awb-button__text--default\">Voir plus de ce salon<\/span><\/a><\/div><\/div><\/li>\n<li class=\"fusion-layout-column fusion_builder_column fusion-builder-column-5 fusion-flex-column post-card fusion-grid-column fusion-post-cards-grid-column provincie-west-vlaanderen-wv uitgelicht\" style=\"--awb-padding-bottom:40px;--awb-bg-color:#dfddd2;--awb-bg-color-hover:#dfddd2;--awb-bg-blend:overlay;--awb-bg-size:cover;--awb-flex-grow:0;--awb-flex-shrink:0;--awb-flex-grow-medium:0;--awb-flex-shrink-medium:0;--awb-flex-grow-small:0;--awb-flex-shrink-small:0;\" data-scroll-devices=\"small-visibility,medium-visibility,large-visibility\"><div class=\"fusion-column-wrapper fusion-column-has-shadow fusion-flex-justify-content-flex-start fusion-content-layout-column\"><div class=\"fusion-text fusion-text-6 fusion-text-no-margin plaats-class\" style=\"--awb-content-alignment:center;--awb-text-transform:uppercase;--awb-margin-top:10px;--awb-margin-right:30px;--awb-margin-bottom:10px;--awb-margin-left:30px;\"><p>Newport<\/p>\n<\/div><div class=\"fusion-image-element\" style=\"--awb-aspect-ratio:1 \/ 1;--awb-object-position:49% 53%;--awb-margin-bottom:40px;--awb-caption-title-color:var(--awb-color1);--awb-caption-text-color:var(--awb-color1);--awb-caption-overlay-color:var(--awb-color8);--awb-caption-background-color:var(--awb-color5);--awb-caption-title-font-family:var(--h2_typography-font-family);--awb-caption-title-font-weight:var(--h2_typography-font-weight);--awb-caption-title-font-style:var(--h2_typography-font-style);--awb-caption-title-size:var(--h2_typography-font-size);--awb-caption-title-transform:var(--h2_typography-text-transform);--awb-caption-title-line-height:var(--h2_typography-line-height);--awb-caption-title-letter-spacing:var(--h2_typography-letter-spacing);\"><span class=\"fusion-imageframe imageframe-none imageframe-3 hover-type-none has-aspect-ratio\"><a class=\"fusion-no-lightbox\" href=\"https:\/\/www.natuurlijkekappers.be\/fr\/natuurlijke-kapsalon\/biokapsalon-attisch\/\" target=\"_self\" aria-label=\"Coiffeur bio Grenier\"><img decoding=\"async\" width=\"600\" height=\"600\" src=\"https:\/\/www.natuurlijkekappers.be\/wp-content\/uploads\/2025\/08\/Biokapsalon-Attisch.jpg\" data-orig-src=\"https:\/\/www.natuurlijkekappers.be\/wp-content\/uploads\/2025\/08\/Biokapsalon-Attisch.jpg\" class=\"lazyload img-responsive wp-image-1763 img-with-aspect-ratio\" data-parent-fit=\"cover\" data-parent-container=\".fusion-image-element\" alt srcset=\"data:image\/svg+xml,%3Csvg%20xmlns%3D%27http%3A%2F%2Fwww.w3.org%2F2000%2Fsvg%27%20width%3D%27600%27%20height%3D%27600%27%20viewBox%3D%270%200%20600%20600%27%3E%3Crect%20width%3D%27600%27%20height%3D%27600%27%20fill-opacity%3D%220%22%2F%3E%3C%2Fsvg%3E\" data-srcset=\"https:\/\/www.natuurlijkekappers.be\/wp-content\/uploads\/2025\/08\/Biokapsalon-Attisch-200x200.jpg 200w, https:\/\/www.natuurlijkekappers.be\/wp-content\/uploads\/2025\/08\/Biokapsalon-Attisch-400x400.jpg 400w, https:\/\/www.natuurlijkekappers.be\/wp-content\/uploads\/2025\/08\/Biokapsalon-Attisch.jpg 600w\" data-sizes=\"auto\" data-orig-sizes=\"(max-width: 800px) 100vw, 600px\" \/><\/a><\/span><\/div><div class=\"fusion-title title fusion-title-4 fusion-sep-none fusion-title-text fusion-title-size-five\" style=\"--awb-margin-top:0px;--awb-margin-right:40px;--awb-margin-bottom:10px;--awb-margin-left:30px;--awb-margin-top-small:10px;--awb-margin-right-small:30px;--awb-margin-bottom-small:10px;--awb-margin-left-small:30px;--awb-font-size:17px;\"><h5 class=\"fusion-title-heading title-heading-left\" style=\"margin:0;font-size:1em;line-height:24px;\"><a href=\"https:\/\/www.natuurlijkekappers.be\/fr\/natuurlijke-kapsalon\/biokapsalon-attisch\/\" class=\"awb-custom-text-color awb-custom-text-hover-color\" target=\"_self\">Coiffeur bio Grenier<\/a><\/h5><\/div><div class=\"fusion-text fusion-text-7 fusion-text-no-margin\" style=\"--awb-font-size:14px;--awb-margin-top:10px;--awb-margin-right:30px;--awb-margin-bottom:0px;--awb-margin-left:30px;\"><p>Rue du march\u00e9 39<br \/>\n8620 Nieuwpoort<\/p>\n<\/div><div class=\"fusion-separator fusion-full-width-sep\" style=\"align-self: center;margin-left: auto;margin-right: auto;flex-grow:2;width:100%;\"><div class=\"fusion-separator-border sep-single sep-solid\" style=\"--awb-height:20px;--awb-amount:20px;border-color:var(--awb-color3);border-top-width:0px;\"><\/div><\/div><div ><a class=\"fusion-button button-flat fusion-button-default-size button-custom fusion-button-default button-3 fusion-button-default-span\" style=\"--awb-padding-top:13px;--awb-padding-right:29px;--awb-padding-bottom:0px;--awb-padding-left:30px;--button_accent_color:var(--awb-color5);--button_border_color:var(--awb-color5);--button_accent_hover_color:hsla(var(--awb-color5-h),var(--awb-color5-s),var(--awb-color5-l),calc(var(--awb-color5-a) - 20%));--button_border_hover_color:var(--awb-color4);--button_border_width-top:0px;--button_border_width-right:0px;--button_border_width-bottom:0px;--button_border_width-left:0px;--button-border-radius-top-left:4px;--button-border-radius-top-right:4px;--button-border-radius-bottom-right:4px;--button-border-radius-bottom-left:4px;--button_gradient_top_color:hsla(var(--awb-color1-h),var(--awb-color1-s),var(--awb-color1-l),calc(var(--awb-color1-a) - 100%));--button_gradient_bottom_color:hsla(var(--awb-color1-h),var(--awb-color1-s),var(--awb-color1-l),calc(var(--awb-color1-a) - 100%));--button_gradient_top_color_hover:hsla(var(--awb-color1-h),var(--awb-color1-s),var(--awb-color1-l),calc(var(--awb-color1-a) - 100%));--button_gradient_bottom_color_hover:hsla(var(--awb-color1-h),var(--awb-color1-s),var(--awb-color1-l),calc(var(--awb-color1-a) - 100%));--button_text_transform:var(--awb-typography3-text-transform);--button_font_size:var(--awb-typography3-font-size);--button_line_height:var(--awb-typography3-line-height);--button_typography-letter-spacing:var(--awb-typography3-letter-spacing);--button_typography-font-family:var(--awb-typography3-font-family);--button_typography-font-weight:var(--awb-typography3-font-weight);--button_typography-font-style:var(--awb-typography3-font-style);\" target=\"_self\" href=\"https:\/\/www.natuurlijkekappers.be\/fr\/natuurlijke-kapsalon\/biokapsalon-attisch\/\"><span class=\"fusion-button-text awb-button__text awb-button__text--default\">Voir plus de ce salon<\/span><\/a><\/div><\/div><\/li>\n<li class=\"fusion-layout-column fusion_builder_column fusion-builder-column-6 fusion-flex-column post-card fusion-grid-column fusion-post-cards-grid-column provincie-oost-vlaanderen-ov\" style=\"--awb-padding-bottom:40px;--awb-bg-color:#dfddd2;--awb-bg-color-hover:#dfddd2;--awb-bg-blend:overlay;--awb-bg-size:cover;--awb-flex-grow:0;--awb-flex-shrink:0;--awb-flex-grow-medium:0;--awb-flex-shrink-medium:0;--awb-flex-grow-small:0;--awb-flex-shrink-small:0;\" data-scroll-devices=\"small-visibility,medium-visibility,large-visibility\"><div class=\"fusion-column-wrapper fusion-column-has-shadow fusion-flex-justify-content-flex-start fusion-content-layout-column\"><div class=\"fusion-text fusion-text-8 fusion-text-no-margin plaats-class\" style=\"--awb-content-alignment:center;--awb-text-transform:uppercase;--awb-margin-top:10px;--awb-margin-right:30px;--awb-margin-bottom:10px;--awb-margin-left:30px;\"><p>Gand<\/p>\n<\/div><div class=\"fusion-image-element\" style=\"--awb-aspect-ratio:1 \/ 1;--awb-object-position:49% 53%;--awb-margin-bottom:40px;--awb-caption-title-color:var(--awb-color1);--awb-caption-text-color:var(--awb-color1);--awb-caption-overlay-color:var(--awb-color8);--awb-caption-background-color:var(--awb-color5);--awb-caption-title-font-family:var(--h2_typography-font-family);--awb-caption-title-font-weight:var(--h2_typography-font-weight);--awb-caption-title-font-style:var(--h2_typography-font-style);--awb-caption-title-size:var(--h2_typography-font-size);--awb-caption-title-transform:var(--h2_typography-text-transform);--awb-caption-title-line-height:var(--h2_typography-line-height);--awb-caption-title-letter-spacing:var(--h2_typography-letter-spacing);\"><span class=\"fusion-imageframe imageframe-none imageframe-4 hover-type-none has-aspect-ratio\"><a class=\"fusion-no-lightbox\" href=\"https:\/\/www.natuurlijkekappers.be\/fr\/natuurlijke-kapsalon\/olas-biokapper\/\" target=\"_self\" aria-label=\"Biohairdresseur Olas\"><img decoding=\"async\" width=\"800\" height=\"800\" alt=\"Biohairdresseur Olas\" src=\"https:\/\/www.natuurlijkekappers.be\/wp-content\/uploads\/2025\/05\/Olas-Biokapper.jpg\" data-orig-src=\"https:\/\/www.natuurlijkekappers.be\/wp-content\/uploads\/2025\/05\/Olas-Biokapper.jpg\" class=\"lazyload img-responsive wp-image-1715 img-with-aspect-ratio\" data-parent-fit=\"cover\" data-parent-container=\".fusion-image-element\" srcset=\"data:image\/svg+xml,%3Csvg%20xmlns%3D%27http%3A%2F%2Fwww.w3.org%2F2000%2Fsvg%27%20width%3D%27800%27%20height%3D%27800%27%20viewBox%3D%270%200%20800%20800%27%3E%3Crect%20width%3D%27800%27%20height%3D%27800%27%20fill-opacity%3D%220%22%2F%3E%3C%2Fsvg%3E\" data-srcset=\"https:\/\/www.natuurlijkekappers.be\/wp-content\/uploads\/2025\/05\/Olas-Biokapper-200x200.jpg 200w, https:\/\/www.natuurlijkekappers.be\/wp-content\/uploads\/2025\/05\/Olas-Biokapper-400x400.jpg 400w, https:\/\/www.natuurlijkekappers.be\/wp-content\/uploads\/2025\/05\/Olas-Biokapper-600x600.jpg 600w, https:\/\/www.natuurlijkekappers.be\/wp-content\/uploads\/2025\/05\/Olas-Biokapper.jpg 800w\" data-sizes=\"auto\" data-orig-sizes=\"(max-width: 800px) 100vw, 800px\" \/><\/a><\/span><\/div><div class=\"fusion-title title fusion-title-5 fusion-sep-none fusion-title-text fusion-title-size-five\" style=\"--awb-margin-top:0px;--awb-margin-right:40px;--awb-margin-bottom:10px;--awb-margin-left:30px;--awb-margin-top-small:10px;--awb-margin-right-small:30px;--awb-margin-bottom-small:10px;--awb-margin-left-small:30px;--awb-font-size:17px;\"><h5 class=\"fusion-title-heading title-heading-left\" style=\"margin:0;font-size:1em;line-height:24px;\"><a href=\"https:\/\/www.natuurlijkekappers.be\/fr\/natuurlijke-kapsalon\/olas-biokapper\/\" class=\"awb-custom-text-color awb-custom-text-hover-color\" target=\"_self\">Biohairdresseur Olas<\/a><\/h5><\/div><div class=\"fusion-text fusion-text-9 fusion-text-no-margin\" style=\"--awb-font-size:14px;--awb-margin-top:10px;--awb-margin-right:30px;--awb-margin-bottom:0px;--awb-margin-left:30px;\"><p>Leo Tertzweillaan 11 9050 Gand<\/p>\n<\/div><div class=\"fusion-separator fusion-full-width-sep\" style=\"align-self: center;margin-left: auto;margin-right: auto;flex-grow:2;width:100%;\"><div class=\"fusion-separator-border sep-single sep-solid\" style=\"--awb-height:20px;--awb-amount:20px;border-color:var(--awb-color3);border-top-width:0px;\"><\/div><\/div><div ><a class=\"fusion-button button-flat fusion-button-default-size button-custom fusion-button-default button-4 fusion-button-default-span\" style=\"--awb-padding-top:13px;--awb-padding-right:29px;--awb-padding-bottom:0px;--awb-padding-left:30px;--button_accent_color:var(--awb-color5);--button_border_color:var(--awb-color5);--button_accent_hover_color:hsla(var(--awb-color5-h),var(--awb-color5-s),var(--awb-color5-l),calc(var(--awb-color5-a) - 20%));--button_border_hover_color:var(--awb-color4);--button_border_width-top:0px;--button_border_width-right:0px;--button_border_width-bottom:0px;--button_border_width-left:0px;--button-border-radius-top-left:4px;--button-border-radius-top-right:4px;--button-border-radius-bottom-right:4px;--button-border-radius-bottom-left:4px;--button_gradient_top_color:hsla(var(--awb-color1-h),var(--awb-color1-s),var(--awb-color1-l),calc(var(--awb-color1-a) - 100%));--button_gradient_bottom_color:hsla(var(--awb-color1-h),var(--awb-color1-s),var(--awb-color1-l),calc(var(--awb-color1-a) - 100%));--button_gradient_top_color_hover:hsla(var(--awb-color1-h),var(--awb-color1-s),var(--awb-color1-l),calc(var(--awb-color1-a) - 100%));--button_gradient_bottom_color_hover:hsla(var(--awb-color1-h),var(--awb-color1-s),var(--awb-color1-l),calc(var(--awb-color1-a) - 100%));--button_text_transform:var(--awb-typography3-text-transform);--button_font_size:var(--awb-typography3-font-size);--button_line_height:var(--awb-typography3-line-height);--button_typography-letter-spacing:var(--awb-typography3-letter-spacing);--button_typography-font-family:var(--awb-typography3-font-family);--button_typography-font-weight:var(--awb-typography3-font-weight);--button_typography-font-style:var(--awb-typography3-font-style);\" target=\"_self\" href=\"https:\/\/www.natuurlijkekappers.be\/fr\/natuurlijke-kapsalon\/olas-biokapper\/\"><span class=\"fusion-button-text awb-button__text awb-button__text--default\">Voir plus de ce salon<\/span><\/a><\/div><\/div><\/li>\n<li class=\"fusion-layout-column fusion_builder_column fusion-builder-column-7 fusion-flex-column post-card fusion-grid-column fusion-post-cards-grid-column provincie-vlaams-brabant-vb\" style=\"--awb-padding-bottom:40px;--awb-bg-color:#dfddd2;--awb-bg-color-hover:#dfddd2;--awb-bg-blend:overlay;--awb-bg-size:cover;--awb-flex-grow:0;--awb-flex-shrink:0;--awb-flex-grow-medium:0;--awb-flex-shrink-medium:0;--awb-flex-grow-small:0;--awb-flex-shrink-small:0;\" data-scroll-devices=\"small-visibility,medium-visibility,large-visibility\"><div class=\"fusion-column-wrapper fusion-column-has-shadow fusion-flex-justify-content-flex-start fusion-content-layout-column\"><div class=\"fusion-text fusion-text-10 fusion-text-no-margin plaats-class\" style=\"--awb-content-alignment:center;--awb-text-transform:uppercase;--awb-margin-top:10px;--awb-margin-right:30px;--awb-margin-bottom:10px;--awb-margin-left:30px;\"><p>Roosdaal<\/p>\n<\/div><div class=\"fusion-image-element\" style=\"--awb-aspect-ratio:1 \/ 1;--awb-object-position:49% 53%;--awb-margin-bottom:40px;--awb-caption-title-color:var(--awb-color1);--awb-caption-text-color:var(--awb-color1);--awb-caption-overlay-color:var(--awb-color8);--awb-caption-background-color:var(--awb-color5);--awb-caption-title-font-family:var(--h2_typography-font-family);--awb-caption-title-font-weight:var(--h2_typography-font-weight);--awb-caption-title-font-style:var(--h2_typography-font-style);--awb-caption-title-size:var(--h2_typography-font-size);--awb-caption-title-transform:var(--h2_typography-text-transform);--awb-caption-title-line-height:var(--h2_typography-line-height);--awb-caption-title-letter-spacing:var(--h2_typography-letter-spacing);\"><span class=\"fusion-imageframe imageframe-none imageframe-5 hover-type-none has-aspect-ratio\"><a class=\"fusion-no-lightbox\" href=\"https:\/\/www.natuurlijkekappers.be\/fr\/natuurlijke-kapsalon\/sizo\/\" target=\"_self\" aria-label=\"SIZO\"><img decoding=\"async\" width=\"2026\" height=\"1206\" alt=\"SIZO\" src=\"https:\/\/www.natuurlijkekappers.be\/wp-content\/uploads\/2025\/05\/SIZO.jpg\" data-orig-src=\"https:\/\/www.natuurlijkekappers.be\/wp-content\/uploads\/2025\/05\/SIZO.jpg\" class=\"lazyload img-responsive wp-image-1717 img-with-aspect-ratio\" data-parent-fit=\"cover\" data-parent-container=\".fusion-image-element\" srcset=\"data:image\/svg+xml,%3Csvg%20xmlns%3D%27http%3A%2F%2Fwww.w3.org%2F2000%2Fsvg%27%20width%3D%272026%27%20height%3D%271206%27%20viewBox%3D%270%200%202026%201206%27%3E%3Crect%20width%3D%272026%27%20height%3D%271206%27%20fill-opacity%3D%220%22%2F%3E%3C%2Fsvg%3E\" data-srcset=\"https:\/\/www.natuurlijkekappers.be\/wp-content\/uploads\/2025\/05\/SIZO-200x119.jpg 200w, https:\/\/www.natuurlijkekappers.be\/wp-content\/uploads\/2025\/05\/SIZO-400x238.jpg 400w, https:\/\/www.natuurlijkekappers.be\/wp-content\/uploads\/2025\/05\/SIZO-600x357.jpg 600w, https:\/\/www.natuurlijkekappers.be\/wp-content\/uploads\/2025\/05\/SIZO-800x476.jpg 800w, https:\/\/www.natuurlijkekappers.be\/wp-content\/uploads\/2025\/05\/SIZO-1200x714.jpg 1200w, https:\/\/www.natuurlijkekappers.be\/wp-content\/uploads\/2025\/05\/SIZO.jpg 2026w\" data-sizes=\"auto\" data-orig-sizes=\"(max-width: 800px) 100vw, 2026px\" \/><\/a><\/span><\/div><div class=\"fusion-title title fusion-title-6 fusion-sep-none fusion-title-text fusion-title-size-five\" style=\"--awb-margin-top:0px;--awb-margin-right:40px;--awb-margin-bottom:10px;--awb-margin-left:30px;--awb-margin-top-small:10px;--awb-margin-right-small:30px;--awb-margin-bottom-small:10px;--awb-margin-left-small:30px;--awb-font-size:17px;\"><h5 class=\"fusion-title-heading title-heading-left\" style=\"margin:0;font-size:1em;line-height:24px;\"><a href=\"https:\/\/www.natuurlijkekappers.be\/fr\/natuurlijke-kapsalon\/sizo\/\" class=\"awb-custom-text-color awb-custom-text-hover-color\" target=\"_self\">SIZO<\/a><\/h5><\/div><div class=\"fusion-text fusion-text-11 fusion-text-no-margin\" style=\"--awb-font-size:14px;--awb-margin-top:10px;--awb-margin-right:30px;--awb-margin-bottom:0px;--awb-margin-left:30px;\"><p>Gustaaf Ponchautstraat 28 1760 Roosdaal<\/p>\n<\/div><div class=\"fusion-separator fusion-full-width-sep\" style=\"align-self: center;margin-left: auto;margin-right: auto;flex-grow:2;width:100%;\"><div class=\"fusion-separator-border sep-single sep-solid\" style=\"--awb-height:20px;--awb-amount:20px;border-color:var(--awb-color3);border-top-width:0px;\"><\/div><\/div><div ><a class=\"fusion-button button-flat fusion-button-default-size button-custom fusion-button-default button-5 fusion-button-default-span\" style=\"--awb-padding-top:13px;--awb-padding-right:29px;--awb-padding-bottom:0px;--awb-padding-left:30px;--button_accent_color:var(--awb-color5);--button_border_color:var(--awb-color5);--button_accent_hover_color:hsla(var(--awb-color5-h),var(--awb-color5-s),var(--awb-color5-l),calc(var(--awb-color5-a) - 20%));--button_border_hover_color:var(--awb-color4);--button_border_width-top:0px;--button_border_width-right:0px;--button_border_width-bottom:0px;--button_border_width-left:0px;--button-border-radius-top-left:4px;--button-border-radius-top-right:4px;--button-border-radius-bottom-right:4px;--button-border-radius-bottom-left:4px;--button_gradient_top_color:hsla(var(--awb-color1-h),var(--awb-color1-s),var(--awb-color1-l),calc(var(--awb-color1-a) - 100%));--button_gradient_bottom_color:hsla(var(--awb-color1-h),var(--awb-color1-s),var(--awb-color1-l),calc(var(--awb-color1-a) - 100%));--button_gradient_top_color_hover:hsla(var(--awb-color1-h),var(--awb-color1-s),var(--awb-color1-l),calc(var(--awb-color1-a) - 100%));--button_gradient_bottom_color_hover:hsla(var(--awb-color1-h),var(--awb-color1-s),var(--awb-color1-l),calc(var(--awb-color1-a) - 100%));--button_text_transform:var(--awb-typography3-text-transform);--button_font_size:var(--awb-typography3-font-size);--button_line_height:var(--awb-typography3-line-height);--button_typography-letter-spacing:var(--awb-typography3-letter-spacing);--button_typography-font-family:var(--awb-typography3-font-family);--button_typography-font-weight:var(--awb-typography3-font-weight);--button_typography-font-style:var(--awb-typography3-font-style);\" target=\"_self\" href=\"https:\/\/www.natuurlijkekappers.be\/fr\/natuurlijke-kapsalon\/sizo\/\"><span class=\"fusion-button-text awb-button__text awb-button__text--default\">Voir plus de ce salon<\/span><\/a><\/div><\/div><\/li>\n<li class=\"fusion-layout-column fusion_builder_column fusion-builder-column-8 fusion-flex-column post-card fusion-grid-column fusion-post-cards-grid-column provincie-waals-brabant-wb\" style=\"--awb-padding-bottom:40px;--awb-bg-color:#dfddd2;--awb-bg-color-hover:#dfddd2;--awb-bg-blend:overlay;--awb-bg-size:cover;--awb-flex-grow:0;--awb-flex-shrink:0;--awb-flex-grow-medium:0;--awb-flex-shrink-medium:0;--awb-flex-grow-small:0;--awb-flex-shrink-small:0;\" data-scroll-devices=\"small-visibility,medium-visibility,large-visibility\"><div class=\"fusion-column-wrapper fusion-column-has-shadow fusion-flex-justify-content-flex-start fusion-content-layout-column\"><div class=\"fusion-text fusion-text-12 fusion-text-no-margin plaats-class\" style=\"--awb-content-alignment:center;--awb-text-transform:uppercase;--awb-margin-top:10px;--awb-margin-right:30px;--awb-margin-bottom:10px;--awb-margin-left:30px;\"><p>Waterloo<\/p>\n<\/div><div class=\"fusion-image-element\" style=\"--awb-aspect-ratio:1 \/ 1;--awb-object-position:49% 53%;--awb-margin-bottom:40px;--awb-caption-title-color:var(--awb-color1);--awb-caption-text-color:var(--awb-color1);--awb-caption-overlay-color:var(--awb-color8);--awb-caption-background-color:var(--awb-color5);--awb-caption-title-font-family:var(--h2_typography-font-family);--awb-caption-title-font-weight:var(--h2_typography-font-weight);--awb-caption-title-font-style:var(--h2_typography-font-style);--awb-caption-title-size:var(--h2_typography-font-size);--awb-caption-title-transform:var(--h2_typography-text-transform);--awb-caption-title-line-height:var(--h2_typography-line-height);--awb-caption-title-letter-spacing:var(--h2_typography-letter-spacing);\"><span class=\"fusion-imageframe imageframe-none imageframe-6 hover-type-none has-aspect-ratio\"><a class=\"fusion-no-lightbox\" href=\"https:\/\/www.natuurlijkekappers.be\/fr\/natuurlijke-kapsalon\/salon-vert\/\" target=\"_self\" aria-label=\"Le Salon Vert\"><img decoding=\"async\" width=\"350\" height=\"350\" alt=\"Le Salon Vert\" src=\"https:\/\/www.natuurlijkekappers.be\/wp-content\/uploads\/2025\/05\/Salon-Vert.png\" data-orig-src=\"https:\/\/www.natuurlijkekappers.be\/wp-content\/uploads\/2025\/05\/Salon-Vert.png\" class=\"lazyload img-responsive wp-image-1719 img-with-aspect-ratio\" data-parent-fit=\"cover\" data-parent-container=\".fusion-image-element\" srcset=\"data:image\/svg+xml,%3Csvg%20xmlns%3D%27http%3A%2F%2Fwww.w3.org%2F2000%2Fsvg%27%20width%3D%27350%27%20height%3D%27350%27%20viewBox%3D%270%200%20350%20350%27%3E%3Crect%20width%3D%27350%27%20height%3D%27350%27%20fill-opacity%3D%220%22%2F%3E%3C%2Fsvg%3E\" data-srcset=\"https:\/\/www.natuurlijkekappers.be\/wp-content\/uploads\/2025\/05\/Salon-Vert-200x200.png 200w, https:\/\/www.natuurlijkekappers.be\/wp-content\/uploads\/2025\/05\/Salon-Vert.png 350w\" data-sizes=\"auto\" data-orig-sizes=\"(max-width: 800px) 100vw, 350px\" \/><\/a><\/span><\/div><div class=\"fusion-title title fusion-title-7 fusion-sep-none fusion-title-text fusion-title-size-five\" style=\"--awb-margin-top:0px;--awb-margin-right:40px;--awb-margin-bottom:10px;--awb-margin-left:30px;--awb-margin-top-small:10px;--awb-margin-right-small:30px;--awb-margin-bottom-small:10px;--awb-margin-left-small:30px;--awb-font-size:17px;\"><h5 class=\"fusion-title-heading title-heading-left\" style=\"margin:0;font-size:1em;line-height:24px;\"><a href=\"https:\/\/www.natuurlijkekappers.be\/fr\/natuurlijke-kapsalon\/salon-vert\/\" class=\"awb-custom-text-color awb-custom-text-hover-color\" target=\"_self\">Salon Vert<\/a><\/h5><\/div><div class=\"fusion-text fusion-text-13 fusion-text-no-margin\" style=\"--awb-font-size:14px;--awb-margin-top:10px;--awb-margin-right:30px;--awb-margin-bottom:0px;--awb-margin-left:30px;\"><\/div><div class=\"fusion-separator fusion-full-width-sep\" style=\"align-self: center;margin-left: auto;margin-right: auto;flex-grow:2;width:100%;\"><div class=\"fusion-separator-border sep-single sep-solid\" style=\"--awb-height:20px;--awb-amount:20px;border-color:var(--awb-color3);border-top-width:0px;\"><\/div><\/div><div ><a class=\"fusion-button button-flat fusion-button-default-size button-custom fusion-button-default button-6 fusion-button-default-span\" style=\"--awb-padding-top:13px;--awb-padding-right:29px;--awb-padding-bottom:0px;--awb-padding-left:30px;--button_accent_color:var(--awb-color5);--button_border_color:var(--awb-color5);--button_accent_hover_color:hsla(var(--awb-color5-h),var(--awb-color5-s),var(--awb-color5-l),calc(var(--awb-color5-a) - 20%));--button_border_hover_color:var(--awb-color4);--button_border_width-top:0px;--button_border_width-right:0px;--button_border_width-bottom:0px;--button_border_width-left:0px;--button-border-radius-top-left:4px;--button-border-radius-top-right:4px;--button-border-radius-bottom-right:4px;--button-border-radius-bottom-left:4px;--button_gradient_top_color:hsla(var(--awb-color1-h),var(--awb-color1-s),var(--awb-color1-l),calc(var(--awb-color1-a) - 100%));--button_gradient_bottom_color:hsla(var(--awb-color1-h),var(--awb-color1-s),var(--awb-color1-l),calc(var(--awb-color1-a) - 100%));--button_gradient_top_color_hover:hsla(var(--awb-color1-h),var(--awb-color1-s),var(--awb-color1-l),calc(var(--awb-color1-a) - 100%));--button_gradient_bottom_color_hover:hsla(var(--awb-color1-h),var(--awb-color1-s),var(--awb-color1-l),calc(var(--awb-color1-a) - 100%));--button_text_transform:var(--awb-typography3-text-transform);--button_font_size:var(--awb-typography3-font-size);--button_line_height:var(--awb-typography3-line-height);--button_typography-letter-spacing:var(--awb-typography3-letter-spacing);--button_typography-font-family:var(--awb-typography3-font-family);--button_typography-font-weight:var(--awb-typography3-font-weight);--button_typography-font-style:var(--awb-typography3-font-style);\" target=\"_self\" href=\"https:\/\/www.natuurlijkekappers.be\/fr\/natuurlijke-kapsalon\/salon-vert\/\"><span class=\"fusion-button-text awb-button__text awb-button__text--default\">Voir plus de ce salon<\/span><\/a><\/div><\/div><\/li>\n<li class=\"fusion-layout-column fusion_builder_column fusion-builder-column-9 fusion-flex-column post-card fusion-grid-column fusion-post-cards-grid-column provincie-antwerpen-an provincie-brussels-hoofdstedelijk-gewest-bhg provincie-henegouwen-hn provincie-limburg-li provincie-luik-lu provincie-luxemburg-lx provincie-namen-na provincie-oost-vlaanderen-ov provincie-vlaams-brabant-vb provincie-waals-brabant-wb provincie-west-vlaanderen-wv uitgelicht\" style=\"--awb-padding-bottom:40px;--awb-bg-color:#dfddd2;--awb-bg-color-hover:#dfddd2;--awb-bg-blend:overlay;--awb-bg-size:cover;--awb-flex-grow:0;--awb-flex-shrink:0;--awb-flex-grow-medium:0;--awb-flex-shrink-medium:0;--awb-flex-grow-small:0;--awb-flex-shrink-small:0;\" data-scroll-devices=\"small-visibility,medium-visibility,large-visibility\"><div class=\"fusion-column-wrapper fusion-column-has-shadow fusion-flex-justify-content-flex-start fusion-content-layout-column\"><div class=\"fusion-text fusion-text-14 fusion-text-no-margin plaats-class\" style=\"--awb-content-alignment:center;--awb-text-transform:uppercase;--awb-margin-top:10px;--awb-margin-right:30px;--awb-margin-bottom:10px;--awb-margin-left:30px;\"><p>Votre nom de lieu<\/p>\n<\/div><div class=\"fusion-image-element\" style=\"--awb-aspect-ratio:1 \/ 1;--awb-object-position:49% 53%;--awb-margin-bottom:40px;--awb-caption-title-color:var(--awb-color1);--awb-caption-text-color:var(--awb-color1);--awb-caption-overlay-color:var(--awb-color8);--awb-caption-background-color:var(--awb-color5);--awb-caption-title-font-family:var(--h2_typography-font-family);--awb-caption-title-font-weight:var(--h2_typography-font-weight);--awb-caption-title-font-style:var(--h2_typography-font-style);--awb-caption-title-size:var(--h2_typography-font-size);--awb-caption-title-transform:var(--h2_typography-text-transform);--awb-caption-title-line-height:var(--h2_typography-line-height);--awb-caption-title-letter-spacing:var(--h2_typography-letter-spacing);\"><span class=\"fusion-imageframe imageframe-none imageframe-7 hover-type-none has-aspect-ratio\"><a class=\"fusion-no-lightbox\" href=\"https:\/\/www.natuurlijkekappers.be\/fr\/natuurlijke-kapsalon\/jouw-salon-hier\/\" target=\"_self\" aria-label=\"500\"><img decoding=\"async\" width=\"500\" height=\"500\" src=\"https:\/\/www.natuurlijkekappers.be\/wp-content\/uploads\/2023\/06\/500.png\" data-orig-src=\"https:\/\/www.natuurlijkekappers.be\/wp-content\/uploads\/2023\/06\/500.png\" class=\"lazyload img-responsive wp-image-1408 img-with-aspect-ratio\" data-parent-fit=\"cover\" data-parent-container=\".fusion-image-element\" alt srcset=\"data:image\/svg+xml,%3Csvg%20xmlns%3D%27http%3A%2F%2Fwww.w3.org%2F2000%2Fsvg%27%20width%3D%27500%27%20height%3D%27500%27%20viewBox%3D%270%200%20500%20500%27%3E%3Crect%20width%3D%27500%27%20height%3D%27500%27%20fill-opacity%3D%220%22%2F%3E%3C%2Fsvg%3E\" data-srcset=\"https:\/\/www.natuurlijkekappers.be\/wp-content\/uploads\/2023\/06\/500-200x200.png 200w, https:\/\/www.natuurlijkekappers.be\/wp-content\/uploads\/2023\/06\/500-400x400.png 400w, https:\/\/www.natuurlijkekappers.be\/wp-content\/uploads\/2023\/06\/500.png 500w\" data-sizes=\"auto\" data-orig-sizes=\"(max-width: 800px) 100vw, 500px\" \/><\/a><\/span><\/div><div class=\"fusion-title title fusion-title-8 fusion-sep-none fusion-title-text fusion-title-size-five\" style=\"--awb-margin-top:0px;--awb-margin-right:40px;--awb-margin-bottom:10px;--awb-margin-left:30px;--awb-margin-top-small:10px;--awb-margin-right-small:30px;--awb-margin-bottom-small:10px;--awb-margin-left-small:30px;--awb-font-size:17px;\"><h5 class=\"fusion-title-heading title-heading-left\" style=\"margin:0;font-size:1em;line-height:24px;\"><a href=\"https:\/\/www.natuurlijkekappers.be\/fr\/natuurlijke-kapsalon\/jouw-salon-hier\/\" class=\"awb-custom-text-color awb-custom-text-hover-color\" target=\"_self\">Votre salon est ici ?<\/a><\/h5><\/div><div class=\"fusion-text fusion-text-15 fusion-text-no-margin\" style=\"--awb-font-size:14px;--awb-margin-top:10px;--awb-margin-right:30px;--awb-margin-bottom:0px;--awb-margin-left:30px;\"><p>Voici votre adresse<\/p>\n<\/div><div class=\"fusion-separator fusion-full-width-sep\" style=\"align-self: center;margin-left: auto;margin-right: auto;flex-grow:2;width:100%;\"><div class=\"fusion-separator-border sep-single sep-solid\" style=\"--awb-height:20px;--awb-amount:20px;border-color:var(--awb-color3);border-top-width:0px;\"><\/div><\/div><div ><a class=\"fusion-button button-flat fusion-button-default-size button-custom fusion-button-default button-7 fusion-button-default-span\" style=\"--awb-padding-top:13px;--awb-padding-right:29px;--awb-padding-bottom:0px;--awb-padding-left:30px;--button_accent_color:var(--awb-color5);--button_border_color:var(--awb-color5);--button_accent_hover_color:hsla(var(--awb-color5-h),var(--awb-color5-s),var(--awb-color5-l),calc(var(--awb-color5-a) - 20%));--button_border_hover_color:var(--awb-color4);--button_border_width-top:0px;--button_border_width-right:0px;--button_border_width-bottom:0px;--button_border_width-left:0px;--button-border-radius-top-left:4px;--button-border-radius-top-right:4px;--button-border-radius-bottom-right:4px;--button-border-radius-bottom-left:4px;--button_gradient_top_color:hsla(var(--awb-color1-h),var(--awb-color1-s),var(--awb-color1-l),calc(var(--awb-color1-a) - 100%));--button_gradient_bottom_color:hsla(var(--awb-color1-h),var(--awb-color1-s),var(--awb-color1-l),calc(var(--awb-color1-a) - 100%));--button_gradient_top_color_hover:hsla(var(--awb-color1-h),var(--awb-color1-s),var(--awb-color1-l),calc(var(--awb-color1-a) - 100%));--button_gradient_bottom_color_hover:hsla(var(--awb-color1-h),var(--awb-color1-s),var(--awb-color1-l),calc(var(--awb-color1-a) - 100%));--button_text_transform:var(--awb-typography3-text-transform);--button_font_size:var(--awb-typography3-font-size);--button_line_height:var(--awb-typography3-line-height);--button_typography-letter-spacing:var(--awb-typography3-letter-spacing);--button_typography-font-family:var(--awb-typography3-font-family);--button_typography-font-weight:var(--awb-typography3-font-weight);--button_typography-font-style:var(--awb-typography3-font-style);\" target=\"_self\" href=\"https:\/\/www.natuurlijkekappers.be\/fr\/natuurlijke-kapsalon\/jouw-salon-hier\/\"><span class=\"fusion-button-text awb-button__text awb-button__text--default\">Voir plus de ce salon<\/span><\/a><\/div><\/div><\/li>\n<li class=\"fusion-layout-column fusion_builder_column fusion-builder-column-10 fusion-flex-column post-card fusion-grid-column fusion-post-cards-grid-column provincie-luxemburg-lx\" style=\"--awb-padding-bottom:40px;--awb-bg-color:#dfddd2;--awb-bg-color-hover:#dfddd2;--awb-bg-blend:overlay;--awb-bg-size:cover;--awb-flex-grow:0;--awb-flex-shrink:0;--awb-flex-grow-medium:0;--awb-flex-shrink-medium:0;--awb-flex-grow-small:0;--awb-flex-shrink-small:0;\" data-scroll-devices=\"small-visibility,medium-visibility,large-visibility\"><div class=\"fusion-column-wrapper fusion-column-has-shadow fusion-flex-justify-content-flex-start fusion-content-layout-column\"><div class=\"fusion-text fusion-text-16 fusion-text-no-margin plaats-class\" style=\"--awb-content-alignment:center;--awb-text-transform:uppercase;--awb-margin-top:10px;--awb-margin-right:30px;--awb-margin-bottom:10px;--awb-margin-left:30px;\"><p>Virton<\/p>\n<\/div><div class=\"fusion-image-element\" style=\"--awb-aspect-ratio:1 \/ 1;--awb-object-position:49% 53%;--awb-margin-bottom:40px;--awb-caption-title-color:var(--awb-color1);--awb-caption-text-color:var(--awb-color1);--awb-caption-overlay-color:var(--awb-color8);--awb-caption-background-color:var(--awb-color5);--awb-caption-title-font-family:var(--h2_typography-font-family);--awb-caption-title-font-weight:var(--h2_typography-font-weight);--awb-caption-title-font-style:var(--h2_typography-font-style);--awb-caption-title-size:var(--h2_typography-font-size);--awb-caption-title-transform:var(--h2_typography-text-transform);--awb-caption-title-line-height:var(--h2_typography-line-height);--awb-caption-title-letter-spacing:var(--h2_typography-letter-spacing);\"><span class=\"fusion-imageframe imageframe-none imageframe-8 hover-type-none has-aspect-ratio\"><a class=\"fusion-no-lightbox\" href=\"https:\/\/www.natuurlijkekappers.be\/fr\/natuurlijke-kapsalon\/metamorphose-au-naturel\/\" target=\"_self\" aria-label=\"M\u00e9tamorphose au Naturel\"><img decoding=\"async\" width=\"626\" height=\"626\" alt=\"M\u00e9tamorphose au Naturel\" src=\"https:\/\/www.natuurlijkekappers.be\/wp-content\/uploads\/2025\/05\/Metamorphose.jpg\" data-orig-src=\"https:\/\/www.natuurlijkekappers.be\/wp-content\/uploads\/2025\/05\/Metamorphose.jpg\" class=\"lazyload img-responsive wp-image-1709 img-with-aspect-ratio\" data-parent-fit=\"cover\" data-parent-container=\".fusion-image-element\" srcset=\"data:image\/svg+xml,%3Csvg%20xmlns%3D%27http%3A%2F%2Fwww.w3.org%2F2000%2Fsvg%27%20width%3D%27626%27%20height%3D%27626%27%20viewBox%3D%270%200%20626%20626%27%3E%3Crect%20width%3D%27626%27%20height%3D%27626%27%20fill-opacity%3D%220%22%2F%3E%3C%2Fsvg%3E\" data-srcset=\"https:\/\/www.natuurlijkekappers.be\/wp-content\/uploads\/2025\/05\/Metamorphose-200x200.jpg 200w, https:\/\/www.natuurlijkekappers.be\/wp-content\/uploads\/2025\/05\/Metamorphose-400x400.jpg 400w, https:\/\/www.natuurlijkekappers.be\/wp-content\/uploads\/2025\/05\/Metamorphose-600x600.jpg 600w, https:\/\/www.natuurlijkekappers.be\/wp-content\/uploads\/2025\/05\/Metamorphose.jpg 626w\" data-sizes=\"auto\" data-orig-sizes=\"(max-width: 800px) 100vw, 626px\" \/><\/a><\/span><\/div><div class=\"fusion-title title fusion-title-9 fusion-sep-none fusion-title-text fusion-title-size-five\" style=\"--awb-margin-top:0px;--awb-margin-right:40px;--awb-margin-bottom:10px;--awb-margin-left:30px;--awb-margin-top-small:10px;--awb-margin-right-small:30px;--awb-margin-bottom-small:10px;--awb-margin-left-small:30px;--awb-font-size:17px;\"><h5 class=\"fusion-title-heading title-heading-left\" style=\"margin:0;font-size:1em;line-height:24px;\"><a href=\"https:\/\/www.natuurlijkekappers.be\/fr\/natuurlijke-kapsalon\/metamorphose-au-naturel\/\" class=\"awb-custom-text-color awb-custom-text-hover-color\" target=\"_self\">M\u00e9tamorphose au Naturel<\/a><\/h5><\/div><div class=\"fusion-text fusion-text-17 fusion-text-no-margin\" style=\"--awb-font-size:14px;--awb-margin-top:10px;--awb-margin-right:30px;--awb-margin-bottom:0px;--awb-margin-left:30px;\"><p>Place Nestor Outer 17, 6760 Virton<\/p>\n<\/div><div class=\"fusion-separator fusion-full-width-sep\" style=\"align-self: center;margin-left: auto;margin-right: auto;flex-grow:2;width:100%;\"><div class=\"fusion-separator-border sep-single sep-solid\" style=\"--awb-height:20px;--awb-amount:20px;border-color:var(--awb-color3);border-top-width:0px;\"><\/div><\/div><div ><a class=\"fusion-button button-flat fusion-button-default-size button-custom fusion-button-default button-8 fusion-button-default-span\" style=\"--awb-padding-top:13px;--awb-padding-right:29px;--awb-padding-bottom:0px;--awb-padding-left:30px;--button_accent_color:var(--awb-color5);--button_border_color:var(--awb-color5);--button_accent_hover_color:hsla(var(--awb-color5-h),var(--awb-color5-s),var(--awb-color5-l),calc(var(--awb-color5-a) - 20%));--button_border_hover_color:var(--awb-color4);--button_border_width-top:0px;--button_border_width-right:0px;--button_border_width-bottom:0px;--button_border_width-left:0px;--button-border-radius-top-left:4px;--button-border-radius-top-right:4px;--button-border-radius-bottom-right:4px;--button-border-radius-bottom-left:4px;--button_gradient_top_color:hsla(var(--awb-color1-h),var(--awb-color1-s),var(--awb-color1-l),calc(var(--awb-color1-a) - 100%));--button_gradient_bottom_color:hsla(var(--awb-color1-h),var(--awb-color1-s),var(--awb-color1-l),calc(var(--awb-color1-a) - 100%));--button_gradient_top_color_hover:hsla(var(--awb-color1-h),var(--awb-color1-s),var(--awb-color1-l),calc(var(--awb-color1-a) - 100%));--button_gradient_bottom_color_hover:hsla(var(--awb-color1-h),var(--awb-color1-s),var(--awb-color1-l),calc(var(--awb-color1-a) - 100%));--button_text_transform:var(--awb-typography3-text-transform);--button_font_size:var(--awb-typography3-font-size);--button_line_height:var(--awb-typography3-line-height);--button_typography-letter-spacing:var(--awb-typography3-letter-spacing);--button_typography-font-family:var(--awb-typography3-font-family);--button_typography-font-weight:var(--awb-typography3-font-weight);--button_typography-font-style:var(--awb-typography3-font-style);\" target=\"_self\" href=\"https:\/\/www.natuurlijkekappers.be\/fr\/natuurlijke-kapsalon\/metamorphose-au-naturel\/\"><span class=\"fusion-button-text awb-button__text awb-button__text--default\">Voir plus de ce salon<\/span><\/a><\/div><\/div><\/li>\n<li class=\"fusion-layout-column fusion_builder_column fusion-builder-column-11 fusion-flex-column post-card fusion-grid-column fusion-post-cards-grid-column provincie-antwerpen-an\" style=\"--awb-padding-bottom:40px;--awb-bg-color:#dfddd2;--awb-bg-color-hover:#dfddd2;--awb-bg-blend:overlay;--awb-bg-size:cover;--awb-flex-grow:0;--awb-flex-shrink:0;--awb-flex-grow-medium:0;--awb-flex-shrink-medium:0;--awb-flex-grow-small:0;--awb-flex-shrink-small:0;\" data-scroll-devices=\"small-visibility,medium-visibility,large-visibility\"><div class=\"fusion-column-wrapper fusion-column-has-shadow fusion-flex-justify-content-flex-start fusion-content-layout-column\"><div class=\"fusion-text fusion-text-18 fusion-text-no-margin plaats-class\" style=\"--awb-content-alignment:center;--awb-text-transform:uppercase;--awb-margin-top:10px;--awb-margin-right:30px;--awb-margin-bottom:10px;--awb-margin-left:30px;\"><p>Mariaburg<\/p>\n<\/div><div class=\"fusion-image-element\" style=\"--awb-aspect-ratio:1 \/ 1;--awb-object-position:49% 53%;--awb-margin-bottom:40px;--awb-caption-title-color:var(--awb-color1);--awb-caption-text-color:var(--awb-color1);--awb-caption-overlay-color:var(--awb-color8);--awb-caption-background-color:var(--awb-color5);--awb-caption-title-font-family:var(--h2_typography-font-family);--awb-caption-title-font-weight:var(--h2_typography-font-weight);--awb-caption-title-font-style:var(--h2_typography-font-style);--awb-caption-title-size:var(--h2_typography-font-size);--awb-caption-title-transform:var(--h2_typography-text-transform);--awb-caption-title-line-height:var(--h2_typography-line-height);--awb-caption-title-letter-spacing:var(--h2_typography-letter-spacing);\"><span class=\"fusion-imageframe imageframe-none imageframe-9 hover-type-none has-aspect-ratio\"><a class=\"fusion-no-lightbox\" href=\"https:\/\/www.natuurlijkekappers.be\/fr\/natuurlijke-kapsalon\/de-natuurkapper\/\" target=\"_self\" aria-label=\"Le barbier de la nature\"><img decoding=\"async\" width=\"1441\" height=\"1440\" alt=\"Le barbier de la nature\" src=\"https:\/\/www.natuurlijkekappers.be\/wp-content\/uploads\/2025\/05\/De-Natuurkapper.jpg\" data-orig-src=\"https:\/\/www.natuurlijkekappers.be\/wp-content\/uploads\/2025\/05\/De-Natuurkapper.jpg\" class=\"lazyload img-responsive wp-image-1690 img-with-aspect-ratio\" data-parent-fit=\"cover\" data-parent-container=\".fusion-image-element\" srcset=\"data:image\/svg+xml,%3Csvg%20xmlns%3D%27http%3A%2F%2Fwww.w3.org%2F2000%2Fsvg%27%20width%3D%271441%27%20height%3D%271440%27%20viewBox%3D%270%200%201441%201440%27%3E%3Crect%20width%3D%271441%27%20height%3D%271440%27%20fill-opacity%3D%220%22%2F%3E%3C%2Fsvg%3E\" data-srcset=\"https:\/\/www.natuurlijkekappers.be\/wp-content\/uploads\/2025\/05\/De-Natuurkapper-200x200.jpg 200w, https:\/\/www.natuurlijkekappers.be\/wp-content\/uploads\/2025\/05\/De-Natuurkapper-400x400.jpg 400w, https:\/\/www.natuurlijkekappers.be\/wp-content\/uploads\/2025\/05\/De-Natuurkapper-600x600.jpg 600w, https:\/\/www.natuurlijkekappers.be\/wp-content\/uploads\/2025\/05\/De-Natuurkapper-800x799.jpg 800w, https:\/\/www.natuurlijkekappers.be\/wp-content\/uploads\/2025\/05\/De-Natuurkapper-1200x1199.jpg 1200w, https:\/\/www.natuurlijkekappers.be\/wp-content\/uploads\/2025\/05\/De-Natuurkapper.jpg 1441w\" data-sizes=\"auto\" data-orig-sizes=\"(max-width: 800px) 100vw, 1441px\" \/><\/a><\/span><\/div><div class=\"fusion-title title fusion-title-10 fusion-sep-none fusion-title-text fusion-title-size-five\" style=\"--awb-margin-top:0px;--awb-margin-right:40px;--awb-margin-bottom:10px;--awb-margin-left:30px;--awb-margin-top-small:10px;--awb-margin-right-small:30px;--awb-margin-bottom-small:10px;--awb-margin-left-small:30px;--awb-font-size:17px;\"><h5 class=\"fusion-title-heading title-heading-left\" style=\"margin:0;font-size:1em;line-height:24px;\"><a href=\"https:\/\/www.natuurlijkekappers.be\/fr\/natuurlijke-kapsalon\/de-natuurkapper\/\" class=\"awb-custom-text-color awb-custom-text-hover-color\" target=\"_self\">Le barbier de la nature<\/a><\/h5><\/div><div class=\"fusion-text fusion-text-19 fusion-text-no-margin\" style=\"--awb-font-size:14px;--awb-margin-top:10px;--awb-margin-right:30px;--awb-margin-bottom:0px;--awb-margin-left:30px;\"><p>Kapelsesteenweg 547 2180 Mariaburg<\/p>\n<\/div><div class=\"fusion-separator fusion-full-width-sep\" style=\"align-self: center;margin-left: auto;margin-right: auto;flex-grow:2;width:100%;\"><div class=\"fusion-separator-border sep-single sep-solid\" style=\"--awb-height:20px;--awb-amount:20px;border-color:var(--awb-color3);border-top-width:0px;\"><\/div><\/div><div ><a class=\"fusion-button button-flat fusion-button-default-size button-custom fusion-button-default button-9 fusion-button-default-span\" style=\"--awb-padding-top:13px;--awb-padding-right:29px;--awb-padding-bottom:0px;--awb-padding-left:30px;--button_accent_color:var(--awb-color5);--button_border_color:var(--awb-color5);--button_accent_hover_color:hsla(var(--awb-color5-h),var(--awb-color5-s),var(--awb-color5-l),calc(var(--awb-color5-a) - 20%));--button_border_hover_color:var(--awb-color4);--button_border_width-top:0px;--button_border_width-right:0px;--button_border_width-bottom:0px;--button_border_width-left:0px;--button-border-radius-top-left:4px;--button-border-radius-top-right:4px;--button-border-radius-bottom-right:4px;--button-border-radius-bottom-left:4px;--button_gradient_top_color:hsla(var(--awb-color1-h),var(--awb-color1-s),var(--awb-color1-l),calc(var(--awb-color1-a) - 100%));--button_gradient_bottom_color:hsla(var(--awb-color1-h),var(--awb-color1-s),var(--awb-color1-l),calc(var(--awb-color1-a) - 100%));--button_gradient_top_color_hover:hsla(var(--awb-color1-h),var(--awb-color1-s),var(--awb-color1-l),calc(var(--awb-color1-a) - 100%));--button_gradient_bottom_color_hover:hsla(var(--awb-color1-h),var(--awb-color1-s),var(--awb-color1-l),calc(var(--awb-color1-a) - 100%));--button_text_transform:var(--awb-typography3-text-transform);--button_font_size:var(--awb-typography3-font-size);--button_line_height:var(--awb-typography3-line-height);--button_typography-letter-spacing:var(--awb-typography3-letter-spacing);--button_typography-font-family:var(--awb-typography3-font-family);--button_typography-font-weight:var(--awb-typography3-font-weight);--button_typography-font-style:var(--awb-typography3-font-style);\" target=\"_self\" href=\"https:\/\/www.natuurlijkekappers.be\/fr\/natuurlijke-kapsalon\/de-natuurkapper\/\"><span class=\"fusion-button-text awb-button__text awb-button__text--default\">Voir plus de ce salon<\/span><\/a><\/div><\/div><\/li>\n<li class=\"fusion-layout-column fusion_builder_column fusion-builder-column-12 fusion-flex-column post-card fusion-grid-column fusion-post-cards-grid-column provincie-antwerpen-an\" style=\"--awb-padding-bottom:40px;--awb-bg-color:#dfddd2;--awb-bg-color-hover:#dfddd2;--awb-bg-blend:overlay;--awb-bg-size:cover;--awb-flex-grow:0;--awb-flex-shrink:0;--awb-flex-grow-medium:0;--awb-flex-shrink-medium:0;--awb-flex-grow-small:0;--awb-flex-shrink-small:0;\" data-scroll-devices=\"small-visibility,medium-visibility,large-visibility\"><div class=\"fusion-column-wrapper fusion-column-has-shadow fusion-flex-justify-content-flex-start fusion-content-layout-column\"><div class=\"fusion-text fusion-text-20 fusion-text-no-margin plaats-class\" style=\"--awb-content-alignment:center;--awb-text-transform:uppercase;--awb-margin-top:10px;--awb-margin-right:30px;--awb-margin-bottom:10px;--awb-margin-left:30px;\"><p>Kruibeke<\/p>\n<\/div><div class=\"fusion-image-element\" style=\"--awb-aspect-ratio:1 \/ 1;--awb-object-position:49% 53%;--awb-margin-bottom:40px;--awb-caption-title-color:var(--awb-color1);--awb-caption-text-color:var(--awb-color1);--awb-caption-overlay-color:var(--awb-color8);--awb-caption-background-color:var(--awb-color5);--awb-caption-title-font-family:var(--h2_typography-font-family);--awb-caption-title-font-weight:var(--h2_typography-font-weight);--awb-caption-title-font-style:var(--h2_typography-font-style);--awb-caption-title-size:var(--h2_typography-font-size);--awb-caption-title-transform:var(--h2_typography-text-transform);--awb-caption-title-line-height:var(--h2_typography-line-height);--awb-caption-title-letter-spacing:var(--h2_typography-letter-spacing);\"><span class=\"fusion-imageframe imageframe-none imageframe-10 hover-type-none has-aspect-ratio\"><a class=\"fusion-no-lightbox\" href=\"https:\/\/www.natuurlijkekappers.be\/fr\/natuurlijke-kapsalon\/natuurkapster-wendy\/\" target=\"_self\" aria-label=\"Coiffeur nature Wendy\"><img decoding=\"async\" width=\"1200\" height=\"630\" alt=\"Coiffeur nature Wendy\" src=\"https:\/\/www.natuurlijkekappers.be\/wp-content\/uploads\/2025\/05\/Natuurkapser-Wendy.jpg\" data-orig-src=\"https:\/\/www.natuurlijkekappers.be\/wp-content\/uploads\/2025\/05\/Natuurkapser-Wendy.jpg\" class=\"lazyload img-responsive wp-image-1692 img-with-aspect-ratio\" data-parent-fit=\"cover\" data-parent-container=\".fusion-image-element\" srcset=\"data:image\/svg+xml,%3Csvg%20xmlns%3D%27http%3A%2F%2Fwww.w3.org%2F2000%2Fsvg%27%20width%3D%271200%27%20height%3D%27630%27%20viewBox%3D%270%200%201200%20630%27%3E%3Crect%20width%3D%271200%27%20height%3D%27630%27%20fill-opacity%3D%220%22%2F%3E%3C%2Fsvg%3E\" data-srcset=\"https:\/\/www.natuurlijkekappers.be\/wp-content\/uploads\/2025\/05\/Natuurkapser-Wendy-200x105.jpg 200w, https:\/\/www.natuurlijkekappers.be\/wp-content\/uploads\/2025\/05\/Natuurkapser-Wendy-400x210.jpg 400w, https:\/\/www.natuurlijkekappers.be\/wp-content\/uploads\/2025\/05\/Natuurkapser-Wendy-600x315.jpg 600w, https:\/\/www.natuurlijkekappers.be\/wp-content\/uploads\/2025\/05\/Natuurkapser-Wendy-800x420.jpg 800w, https:\/\/www.natuurlijkekappers.be\/wp-content\/uploads\/2025\/05\/Natuurkapser-Wendy.jpg 1200w\" data-sizes=\"auto\" data-orig-sizes=\"(max-width: 800px) 100vw, 1200px\" \/><\/a><\/span><\/div><div class=\"fusion-title title fusion-title-11 fusion-sep-none fusion-title-text fusion-title-size-five\" style=\"--awb-margin-top:0px;--awb-margin-right:40px;--awb-margin-bottom:10px;--awb-margin-left:30px;--awb-margin-top-small:10px;--awb-margin-right-small:30px;--awb-margin-bottom-small:10px;--awb-margin-left-small:30px;--awb-font-size:17px;\"><h5 class=\"fusion-title-heading title-heading-left\" style=\"margin:0;font-size:1em;line-height:24px;\"><a href=\"https:\/\/www.natuurlijkekappers.be\/fr\/natuurlijke-kapsalon\/natuurkapster-wendy\/\" class=\"awb-custom-text-color awb-custom-text-hover-color\" target=\"_self\">Coiffeur nature Wendy<\/a><\/h5><\/div><div class=\"fusion-text fusion-text-21 fusion-text-no-margin\" style=\"--awb-font-size:14px;--awb-margin-top:10px;--awb-margin-right:30px;--awb-margin-bottom:0px;--awb-margin-left:30px;\"><p>Spruce Avenue 32 2070 Beveren Kruibeke<\/p>\n<\/div><div class=\"fusion-separator fusion-full-width-sep\" style=\"align-self: center;margin-left: auto;margin-right: auto;flex-grow:2;width:100%;\"><div class=\"fusion-separator-border sep-single sep-solid\" style=\"--awb-height:20px;--awb-amount:20px;border-color:var(--awb-color3);border-top-width:0px;\"><\/div><\/div><div ><a class=\"fusion-button button-flat fusion-button-default-size button-custom fusion-button-default button-10 fusion-button-default-span\" style=\"--awb-padding-top:13px;--awb-padding-right:29px;--awb-padding-bottom:0px;--awb-padding-left:30px;--button_accent_color:var(--awb-color5);--button_border_color:var(--awb-color5);--button_accent_hover_color:hsla(var(--awb-color5-h),var(--awb-color5-s),var(--awb-color5-l),calc(var(--awb-color5-a) - 20%));--button_border_hover_color:var(--awb-color4);--button_border_width-top:0px;--button_border_width-right:0px;--button_border_width-bottom:0px;--button_border_width-left:0px;--button-border-radius-top-left:4px;--button-border-radius-top-right:4px;--button-border-radius-bottom-right:4px;--button-border-radius-bottom-left:4px;--button_gradient_top_color:hsla(var(--awb-color1-h),var(--awb-color1-s),var(--awb-color1-l),calc(var(--awb-color1-a) - 100%));--button_gradient_bottom_color:hsla(var(--awb-color1-h),var(--awb-color1-s),var(--awb-color1-l),calc(var(--awb-color1-a) - 100%));--button_gradient_top_color_hover:hsla(var(--awb-color1-h),var(--awb-color1-s),var(--awb-color1-l),calc(var(--awb-color1-a) - 100%));--button_gradient_bottom_color_hover:hsla(var(--awb-color1-h),var(--awb-color1-s),var(--awb-color1-l),calc(var(--awb-color1-a) - 100%));--button_text_transform:var(--awb-typography3-text-transform);--button_font_size:var(--awb-typography3-font-size);--button_line_height:var(--awb-typography3-line-height);--button_typography-letter-spacing:var(--awb-typography3-letter-spacing);--button_typography-font-family:var(--awb-typography3-font-family);--button_typography-font-weight:var(--awb-typography3-font-weight);--button_typography-font-style:var(--awb-typography3-font-style);\" target=\"_self\" href=\"https:\/\/www.natuurlijkekappers.be\/fr\/natuurlijke-kapsalon\/natuurkapster-wendy\/\"><span class=\"fusion-button-text awb-button__text awb-button__text--default\">Voir plus de ce salon<\/span><\/a><\/div><\/div><\/li>\n<li class=\"fusion-layout-column fusion_builder_column fusion-builder-column-13 fusion-flex-column post-card fusion-grid-column fusion-post-cards-grid-column provincie-limburg-li\" style=\"--awb-padding-bottom:40px;--awb-bg-color:#dfddd2;--awb-bg-color-hover:#dfddd2;--awb-bg-blend:overlay;--awb-bg-size:cover;--awb-flex-grow:0;--awb-flex-shrink:0;--awb-flex-grow-medium:0;--awb-flex-shrink-medium:0;--awb-flex-grow-small:0;--awb-flex-shrink-small:0;\" data-scroll-devices=\"small-visibility,medium-visibility,large-visibility\"><div class=\"fusion-column-wrapper fusion-column-has-shadow fusion-flex-justify-content-flex-start fusion-content-layout-column\"><div class=\"fusion-text fusion-text-22 fusion-text-no-margin plaats-class\" style=\"--awb-content-alignment:center;--awb-text-transform:uppercase;--awb-margin-top:10px;--awb-margin-right:30px;--awb-margin-bottom:10px;--awb-margin-left:30px;\"><p>Hasselt <\/p>\n<\/div><div class=\"fusion-image-element\" style=\"--awb-aspect-ratio:1 \/ 1;--awb-object-position:49% 53%;--awb-margin-bottom:40px;--awb-caption-title-color:var(--awb-color1);--awb-caption-text-color:var(--awb-color1);--awb-caption-overlay-color:var(--awb-color8);--awb-caption-background-color:var(--awb-color5);--awb-caption-title-font-family:var(--h2_typography-font-family);--awb-caption-title-font-weight:var(--h2_typography-font-weight);--awb-caption-title-font-style:var(--h2_typography-font-style);--awb-caption-title-size:var(--h2_typography-font-size);--awb-caption-title-transform:var(--h2_typography-text-transform);--awb-caption-title-line-height:var(--h2_typography-line-height);--awb-caption-title-letter-spacing:var(--h2_typography-letter-spacing);\"><span class=\"fusion-imageframe imageframe-none imageframe-11 hover-type-none has-aspect-ratio\"><a class=\"fusion-no-lightbox\" href=\"https:\/\/www.natuurlijkekappers.be\/fr\/natuurlijke-kapsalon\/natuurkapster-lobke\/\" target=\"_self\" aria-label=\"Coiffeur nature Lobke\"><img decoding=\"async\" width=\"500\" height=\"500\" alt=\"Coiffeur nature Lobke\" src=\"https:\/\/www.natuurlijkekappers.be\/wp-content\/uploads\/2025\/05\/kapster-lobke.webp\" data-orig-src=\"https:\/\/www.natuurlijkekappers.be\/wp-content\/uploads\/2025\/05\/kapster-lobke.webp\" class=\"lazyload img-responsive wp-image-1703 img-with-aspect-ratio\" data-parent-fit=\"cover\" data-parent-container=\".fusion-image-element\" srcset=\"data:image\/svg+xml,%3Csvg%20xmlns%3D%27http%3A%2F%2Fwww.w3.org%2F2000%2Fsvg%27%20width%3D%27500%27%20height%3D%27500%27%20viewBox%3D%270%200%20500%20500%27%3E%3Crect%20width%3D%27500%27%20height%3D%27500%27%20fill-opacity%3D%220%22%2F%3E%3C%2Fsvg%3E\" data-srcset=\"https:\/\/www.natuurlijkekappers.be\/wp-content\/uploads\/2025\/05\/kapster-lobke-200x200.webp 200w, https:\/\/www.natuurlijkekappers.be\/wp-content\/uploads\/2025\/05\/kapster-lobke-400x400.webp 400w, https:\/\/www.natuurlijkekappers.be\/wp-content\/uploads\/2025\/05\/kapster-lobke.webp 500w\" data-sizes=\"auto\" data-orig-sizes=\"(max-width: 800px) 100vw, 500px\" \/><\/a><\/span><\/div><div class=\"fusion-title title fusion-title-12 fusion-sep-none fusion-title-text fusion-title-size-five\" style=\"--awb-margin-top:0px;--awb-margin-right:40px;--awb-margin-bottom:10px;--awb-margin-left:30px;--awb-margin-top-small:10px;--awb-margin-right-small:30px;--awb-margin-bottom-small:10px;--awb-margin-left-small:30px;--awb-font-size:17px;\"><h5 class=\"fusion-title-heading title-heading-left\" style=\"margin:0;font-size:1em;line-height:24px;\"><a href=\"https:\/\/www.natuurlijkekappers.be\/fr\/natuurlijke-kapsalon\/natuurkapster-lobke\/\" class=\"awb-custom-text-color awb-custom-text-hover-color\" target=\"_self\">Coiffeur nature Lobke<\/a><\/h5><\/div><div class=\"fusion-text fusion-text-23 fusion-text-no-margin\" style=\"--awb-font-size:14px;--awb-margin-top:10px;--awb-margin-right:30px;--awb-margin-bottom:0px;--awb-margin-left:30px;\"><p>Helipoststraat 32 Hasselt 3500<\/p>\n<\/div><div class=\"fusion-separator fusion-full-width-sep\" style=\"align-self: center;margin-left: auto;margin-right: auto;flex-grow:2;width:100%;\"><div class=\"fusion-separator-border sep-single sep-solid\" style=\"--awb-height:20px;--awb-amount:20px;border-color:var(--awb-color3);border-top-width:0px;\"><\/div><\/div><div ><a class=\"fusion-button button-flat fusion-button-default-size button-custom fusion-button-default button-11 fusion-button-default-span\" style=\"--awb-padding-top:13px;--awb-padding-right:29px;--awb-padding-bottom:0px;--awb-padding-left:30px;--button_accent_color:var(--awb-color5);--button_border_color:var(--awb-color5);--button_accent_hover_color:hsla(var(--awb-color5-h),var(--awb-color5-s),var(--awb-color5-l),calc(var(--awb-color5-a) - 20%));--button_border_hover_color:var(--awb-color4);--button_border_width-top:0px;--button_border_width-right:0px;--button_border_width-bottom:0px;--button_border_width-left:0px;--button-border-radius-top-left:4px;--button-border-radius-top-right:4px;--button-border-radius-bottom-right:4px;--button-border-radius-bottom-left:4px;--button_gradient_top_color:hsla(var(--awb-color1-h),var(--awb-color1-s),var(--awb-color1-l),calc(var(--awb-color1-a) - 100%));--button_gradient_bottom_color:hsla(var(--awb-color1-h),var(--awb-color1-s),var(--awb-color1-l),calc(var(--awb-color1-a) - 100%));--button_gradient_top_color_hover:hsla(var(--awb-color1-h),var(--awb-color1-s),var(--awb-color1-l),calc(var(--awb-color1-a) - 100%));--button_gradient_bottom_color_hover:hsla(var(--awb-color1-h),var(--awb-color1-s),var(--awb-color1-l),calc(var(--awb-color1-a) - 100%));--button_text_transform:var(--awb-typography3-text-transform);--button_font_size:var(--awb-typography3-font-size);--button_line_height:var(--awb-typography3-line-height);--button_typography-letter-spacing:var(--awb-typography3-letter-spacing);--button_typography-font-family:var(--awb-typography3-font-family);--button_typography-font-weight:var(--awb-typography3-font-weight);--button_typography-font-style:var(--awb-typography3-font-style);\" target=\"_self\" href=\"https:\/\/www.natuurlijkekappers.be\/fr\/natuurlijke-kapsalon\/natuurkapster-lobke\/\"><span class=\"fusion-button-text awb-button__text awb-button__text--default\">Voir plus de ce salon<\/span><\/a><\/div><\/div><\/li>\n<li class=\"fusion-layout-column fusion_builder_column fusion-builder-column-14 fusion-flex-column post-card fusion-grid-column fusion-post-cards-grid-column provincie-limburg-li\" style=\"--awb-padding-bottom:40px;--awb-bg-color:#dfddd2;--awb-bg-color-hover:#dfddd2;--awb-bg-blend:overlay;--awb-bg-size:cover;--awb-flex-grow:0;--awb-flex-shrink:0;--awb-flex-grow-medium:0;--awb-flex-shrink-medium:0;--awb-flex-grow-small:0;--awb-flex-shrink-small:0;\" data-scroll-devices=\"small-visibility,medium-visibility,large-visibility\"><div class=\"fusion-column-wrapper fusion-column-has-shadow fusion-flex-justify-content-flex-start fusion-content-layout-column\"><div class=\"fusion-text fusion-text-24 fusion-text-no-margin plaats-class\" style=\"--awb-content-alignment:center;--awb-text-transform:uppercase;--awb-margin-top:10px;--awb-margin-right:30px;--awb-margin-bottom:10px;--awb-margin-left:30px;\"><p>Saint-Trond<\/p>\n<\/div><div class=\"fusion-image-element\" style=\"--awb-aspect-ratio:1 \/ 1;--awb-object-position:49% 53%;--awb-margin-bottom:40px;--awb-caption-title-color:var(--awb-color1);--awb-caption-text-color:var(--awb-color1);--awb-caption-overlay-color:var(--awb-color8);--awb-caption-background-color:var(--awb-color5);--awb-caption-title-font-family:var(--h2_typography-font-family);--awb-caption-title-font-weight:var(--h2_typography-font-weight);--awb-caption-title-font-style:var(--h2_typography-font-style);--awb-caption-title-size:var(--h2_typography-font-size);--awb-caption-title-transform:var(--h2_typography-text-transform);--awb-caption-title-line-height:var(--h2_typography-line-height);--awb-caption-title-letter-spacing:var(--h2_typography-letter-spacing);\"><span class=\"fusion-imageframe imageframe-none imageframe-12 hover-type-none has-aspect-ratio\"><a class=\"fusion-no-lightbox\" href=\"https:\/\/www.natuurlijkekappers.be\/fr\/natuurlijke-kapsalon\/natuuurlijk\/\" target=\"_self\" aria-label=\"Naturellement\"><img decoding=\"async\" width=\"300\" height=\"213\" alt=\"Naturellement\" src=\"https:\/\/www.natuurlijkekappers.be\/wp-content\/uploads\/2025\/05\/natuuurlijk-logo.webp\" data-orig-src=\"https:\/\/www.natuurlijkekappers.be\/wp-content\/uploads\/2025\/05\/natuuurlijk-logo.webp\" class=\"lazyload img-responsive wp-image-1705 img-with-aspect-ratio\" data-parent-fit=\"cover\" data-parent-container=\".fusion-image-element\" srcset=\"data:image\/svg+xml,%3Csvg%20xmlns%3D%27http%3A%2F%2Fwww.w3.org%2F2000%2Fsvg%27%20width%3D%27300%27%20height%3D%27213%27%20viewBox%3D%270%200%20300%20213%27%3E%3Crect%20width%3D%27300%27%20height%3D%27213%27%20fill-opacity%3D%220%22%2F%3E%3C%2Fsvg%3E\" data-srcset=\"https:\/\/www.natuurlijkekappers.be\/wp-content\/uploads\/2025\/05\/natuuurlijk-logo-200x142.webp 200w, https:\/\/www.natuurlijkekappers.be\/wp-content\/uploads\/2025\/05\/natuuurlijk-logo.webp 300w\" data-sizes=\"auto\" data-orig-sizes=\"(max-width: 800px) 100vw, 300px\" \/><\/a><\/span><\/div><div class=\"fusion-title title fusion-title-13 fusion-sep-none fusion-title-text fusion-title-size-five\" style=\"--awb-margin-top:0px;--awb-margin-right:40px;--awb-margin-bottom:10px;--awb-margin-left:30px;--awb-margin-top-small:10px;--awb-margin-right-small:30px;--awb-margin-bottom-small:10px;--awb-margin-left-small:30px;--awb-font-size:17px;\"><h5 class=\"fusion-title-heading title-heading-left\" style=\"margin:0;font-size:1em;line-height:24px;\"><a href=\"https:\/\/www.natuurlijkekappers.be\/fr\/natuurlijke-kapsalon\/natuuurlijk\/\" class=\"awb-custom-text-color awb-custom-text-hover-color\" target=\"_self\">Naturellement<\/a><\/h5><\/div><div class=\"fusion-text fusion-text-25 fusion-text-no-margin\" style=\"--awb-font-size:14px;--awb-margin-top:10px;--awb-margin-right:30px;--awb-margin-bottom:0px;--awb-margin-left:30px;\"><p>Toekomststraat 20 3800 Sint-Truiden<\/p>\n<\/div><div class=\"fusion-separator fusion-full-width-sep\" style=\"align-self: center;margin-left: auto;margin-right: auto;flex-grow:2;width:100%;\"><div class=\"fusion-separator-border sep-single sep-solid\" style=\"--awb-height:20px;--awb-amount:20px;border-color:var(--awb-color3);border-top-width:0px;\"><\/div><\/div><div ><a class=\"fusion-button button-flat fusion-button-default-size button-custom fusion-button-default button-12 fusion-button-default-span\" style=\"--awb-padding-top:13px;--awb-padding-right:29px;--awb-padding-bottom:0px;--awb-padding-left:30px;--button_accent_color:var(--awb-color5);--button_border_color:var(--awb-color5);--button_accent_hover_color:hsla(var(--awb-color5-h),var(--awb-color5-s),var(--awb-color5-l),calc(var(--awb-color5-a) - 20%));--button_border_hover_color:var(--awb-color4);--button_border_width-top:0px;--button_border_width-right:0px;--button_border_width-bottom:0px;--button_border_width-left:0px;--button-border-radius-top-left:4px;--button-border-radius-top-right:4px;--button-border-radius-bottom-right:4px;--button-border-radius-bottom-left:4px;--button_gradient_top_color:hsla(var(--awb-color1-h),var(--awb-color1-s),var(--awb-color1-l),calc(var(--awb-color1-a) - 100%));--button_gradient_bottom_color:hsla(var(--awb-color1-h),var(--awb-color1-s),var(--awb-color1-l),calc(var(--awb-color1-a) - 100%));--button_gradient_top_color_hover:hsla(var(--awb-color1-h),var(--awb-color1-s),var(--awb-color1-l),calc(var(--awb-color1-a) - 100%));--button_gradient_bottom_color_hover:hsla(var(--awb-color1-h),var(--awb-color1-s),var(--awb-color1-l),calc(var(--awb-color1-a) - 100%));--button_text_transform:var(--awb-typography3-text-transform);--button_font_size:var(--awb-typography3-font-size);--button_line_height:var(--awb-typography3-line-height);--button_typography-letter-spacing:var(--awb-typography3-letter-spacing);--button_typography-font-family:var(--awb-typography3-font-family);--button_typography-font-weight:var(--awb-typography3-font-weight);--button_typography-font-style:var(--awb-typography3-font-style);\" target=\"_self\" href=\"https:\/\/www.natuurlijkekappers.be\/fr\/natuurlijke-kapsalon\/natuuurlijk\/\"><span class=\"fusion-button-text awb-button__text awb-button__text--default\">Voir plus de ce salon<\/span><\/a><\/div><\/div><\/li>\n<li class=\"fusion-layout-column fusion_builder_column fusion-builder-column-15 fusion-flex-column post-card fusion-grid-column fusion-post-cards-grid-column provincie-namen-na\" style=\"--awb-padding-bottom:40px;--awb-bg-color:#dfddd2;--awb-bg-color-hover:#dfddd2;--awb-bg-blend:overlay;--awb-bg-size:cover;--awb-flex-grow:0;--awb-flex-shrink:0;--awb-flex-grow-medium:0;--awb-flex-shrink-medium:0;--awb-flex-grow-small:0;--awb-flex-shrink-small:0;\" data-scroll-devices=\"small-visibility,medium-visibility,large-visibility\"><div class=\"fusion-column-wrapper fusion-column-has-shadow fusion-flex-justify-content-flex-start fusion-content-layout-column\"><div class=\"fusion-text fusion-text-26 fusion-text-no-margin plaats-class\" style=\"--awb-content-alignment:center;--awb-text-transform:uppercase;--awb-margin-top:10px;--awb-margin-right:30px;--awb-margin-bottom:10px;--awb-margin-left:30px;\"><p>Jambes<\/p>\n<\/div><div class=\"fusion-image-element\" style=\"--awb-aspect-ratio:1 \/ 1;--awb-object-position:49% 53%;--awb-margin-bottom:40px;--awb-caption-title-color:var(--awb-color1);--awb-caption-text-color:var(--awb-color1);--awb-caption-overlay-color:var(--awb-color8);--awb-caption-background-color:var(--awb-color5);--awb-caption-title-font-family:var(--h2_typography-font-family);--awb-caption-title-font-weight:var(--h2_typography-font-weight);--awb-caption-title-font-style:var(--h2_typography-font-style);--awb-caption-title-size:var(--h2_typography-font-size);--awb-caption-title-transform:var(--h2_typography-text-transform);--awb-caption-title-line-height:var(--h2_typography-line-height);--awb-caption-title-letter-spacing:var(--h2_typography-letter-spacing);\"><span class=\"fusion-imageframe imageframe-none imageframe-13 hover-type-none has-aspect-ratio\"><a class=\"fusion-no-lightbox\" href=\"https:\/\/www.natuurlijkekappers.be\/fr\/natuurlijke-kapsalon\/lappartement-bio-concept\/\" target=\"_self\" aria-label=\"L&#039;Appartement Bio Concept\"><img decoding=\"async\" width=\"560\" height=\"560\" alt=\"L&#039;Appartement Bio Concept\" src=\"https:\/\/www.natuurlijkekappers.be\/wp-content\/uploads\/2025\/05\/LAppartement-Bio-Concept.png\" data-orig-src=\"https:\/\/www.natuurlijkekappers.be\/wp-content\/uploads\/2025\/05\/LAppartement-Bio-Concept.png\" class=\"lazyload img-responsive wp-image-1713 img-with-aspect-ratio\" data-parent-fit=\"cover\" data-parent-container=\".fusion-image-element\" srcset=\"data:image\/svg+xml,%3Csvg%20xmlns%3D%27http%3A%2F%2Fwww.w3.org%2F2000%2Fsvg%27%20width%3D%27560%27%20height%3D%27560%27%20viewBox%3D%270%200%20560%20560%27%3E%3Crect%20width%3D%27560%27%20height%3D%27560%27%20fill-opacity%3D%220%22%2F%3E%3C%2Fsvg%3E\" data-srcset=\"https:\/\/www.natuurlijkekappers.be\/wp-content\/uploads\/2025\/05\/LAppartement-Bio-Concept-200x200.png 200w, https:\/\/www.natuurlijkekappers.be\/wp-content\/uploads\/2025\/05\/LAppartement-Bio-Concept-400x400.png 400w, https:\/\/www.natuurlijkekappers.be\/wp-content\/uploads\/2025\/05\/LAppartement-Bio-Concept.png 560w\" data-sizes=\"auto\" data-orig-sizes=\"(max-width: 800px) 100vw, 560px\" \/><\/a><\/span><\/div><div class=\"fusion-title title fusion-title-14 fusion-sep-none fusion-title-text fusion-title-size-five\" style=\"--awb-margin-top:0px;--awb-margin-right:40px;--awb-margin-bottom:10px;--awb-margin-left:30px;--awb-margin-top-small:10px;--awb-margin-right-small:30px;--awb-margin-bottom-small:10px;--awb-margin-left-small:30px;--awb-font-size:17px;\"><h5 class=\"fusion-title-heading title-heading-left\" style=\"margin:0;font-size:1em;line-height:24px;\"><a href=\"https:\/\/www.natuurlijkekappers.be\/fr\/natuurlijke-kapsalon\/lappartement-bio-concept\/\" class=\"awb-custom-text-color awb-custom-text-hover-color\" target=\"_self\">L'Appartement Bio Concept<\/a><\/h5><\/div><div class=\"fusion-text fusion-text-27 fusion-text-no-margin\" style=\"--awb-font-size:14px;--awb-margin-top:10px;--awb-margin-right:30px;--awb-margin-bottom:0px;--awb-margin-left:30px;\"><p>Rue de G\u00e9ronsart 4, 5100 Jambes<\/p>\n<\/div><div class=\"fusion-separator fusion-full-width-sep\" style=\"align-self: center;margin-left: auto;margin-right: auto;flex-grow:2;width:100%;\"><div class=\"fusion-separator-border sep-single sep-solid\" style=\"--awb-height:20px;--awb-amount:20px;border-color:var(--awb-color3);border-top-width:0px;\"><\/div><\/div><div ><a class=\"fusion-button button-flat fusion-button-default-size button-custom fusion-button-default button-13 fusion-button-default-span\" style=\"--awb-padding-top:13px;--awb-padding-right:29px;--awb-padding-bottom:0px;--awb-padding-left:30px;--button_accent_color:var(--awb-color5);--button_border_color:var(--awb-color5);--button_accent_hover_color:hsla(var(--awb-color5-h),var(--awb-color5-s),var(--awb-color5-l),calc(var(--awb-color5-a) - 20%));--button_border_hover_color:var(--awb-color4);--button_border_width-top:0px;--button_border_width-right:0px;--button_border_width-bottom:0px;--button_border_width-left:0px;--button-border-radius-top-left:4px;--button-border-radius-top-right:4px;--button-border-radius-bottom-right:4px;--button-border-radius-bottom-left:4px;--button_gradient_top_color:hsla(var(--awb-color1-h),var(--awb-color1-s),var(--awb-color1-l),calc(var(--awb-color1-a) - 100%));--button_gradient_bottom_color:hsla(var(--awb-color1-h),var(--awb-color1-s),var(--awb-color1-l),calc(var(--awb-color1-a) - 100%));--button_gradient_top_color_hover:hsla(var(--awb-color1-h),var(--awb-color1-s),var(--awb-color1-l),calc(var(--awb-color1-a) - 100%));--button_gradient_bottom_color_hover:hsla(var(--awb-color1-h),var(--awb-color1-s),var(--awb-color1-l),calc(var(--awb-color1-a) - 100%));--button_text_transform:var(--awb-typography3-text-transform);--button_font_size:var(--awb-typography3-font-size);--button_line_height:var(--awb-typography3-line-height);--button_typography-letter-spacing:var(--awb-typography3-letter-spacing);--button_typography-font-family:var(--awb-typography3-font-family);--button_typography-font-weight:var(--awb-typography3-font-weight);--button_typography-font-style:var(--awb-typography3-font-style);\" target=\"_self\" href=\"https:\/\/www.natuurlijkekappers.be\/fr\/natuurlijke-kapsalon\/lappartement-bio-concept\/\"><span class=\"fusion-button-text awb-button__text awb-button__text--default\">Voir plus de ce salon<\/span><\/a><\/div><\/div><\/li>\n<li class=\"fusion-layout-column fusion_builder_column fusion-builder-column-16 fusion-flex-column post-card fusion-grid-column fusion-post-cards-grid-column provincie-luik-lu\" style=\"--awb-padding-bottom:40px;--awb-bg-color:#dfddd2;--awb-bg-color-hover:#dfddd2;--awb-bg-blend:overlay;--awb-bg-size:cover;--awb-flex-grow:0;--awb-flex-shrink:0;--awb-flex-grow-medium:0;--awb-flex-shrink-medium:0;--awb-flex-grow-small:0;--awb-flex-shrink-small:0;\" data-scroll-devices=\"small-visibility,medium-visibility,large-visibility\"><div class=\"fusion-column-wrapper fusion-column-has-shadow fusion-flex-justify-content-flex-start fusion-content-layout-column\"><div class=\"fusion-text fusion-text-28 fusion-text-no-margin plaats-class\" style=\"--awb-content-alignment:center;--awb-text-transform:uppercase;--awb-margin-top:10px;--awb-margin-right:30px;--awb-margin-bottom:10px;--awb-margin-left:30px;\"><p>Beyne-Heusa<\/p>\n<\/div><div class=\"fusion-image-element\" style=\"--awb-aspect-ratio:1 \/ 1;--awb-object-position:49% 53%;--awb-margin-bottom:40px;--awb-caption-title-color:var(--awb-color1);--awb-caption-text-color:var(--awb-color1);--awb-caption-overlay-color:var(--awb-color8);--awb-caption-background-color:var(--awb-color5);--awb-caption-title-font-family:var(--h2_typography-font-family);--awb-caption-title-font-weight:var(--h2_typography-font-weight);--awb-caption-title-font-style:var(--h2_typography-font-style);--awb-caption-title-size:var(--h2_typography-font-size);--awb-caption-title-transform:var(--h2_typography-text-transform);--awb-caption-title-line-height:var(--h2_typography-line-height);--awb-caption-title-letter-spacing:var(--h2_typography-letter-spacing);\"><span class=\"fusion-imageframe imageframe-none imageframe-14 hover-type-none has-aspect-ratio\"><a class=\"fusion-no-lightbox\" href=\"https:\/\/www.natuurlijkekappers.be\/fr\/natuurlijke-kapsalon\/cocoon-coiffure\/\" target=\"_self\" aria-label=\"Cocoon Coifure\"><img decoding=\"async\" width=\"250\" height=\"167\" alt=\"Cocoon Coifure\" src=\"https:\/\/www.natuurlijkekappers.be\/wp-content\/uploads\/2025\/05\/logococoon250.png\" data-orig-src=\"https:\/\/www.natuurlijkekappers.be\/wp-content\/uploads\/2025\/05\/logococoon250.png\" class=\"lazyload img-responsive wp-image-1707 img-with-aspect-ratio\" data-parent-fit=\"cover\" data-parent-container=\".fusion-image-element\" srcset=\"data:image\/svg+xml,%3Csvg%20xmlns%3D%27http%3A%2F%2Fwww.w3.org%2F2000%2Fsvg%27%20width%3D%27250%27%20height%3D%27167%27%20viewBox%3D%270%200%20250%20167%27%3E%3Crect%20width%3D%27250%27%20height%3D%27167%27%20fill-opacity%3D%220%22%2F%3E%3C%2Fsvg%3E\" data-srcset=\"https:\/\/www.natuurlijkekappers.be\/wp-content\/uploads\/2025\/05\/logococoon250-200x134.png 200w, https:\/\/www.natuurlijkekappers.be\/wp-content\/uploads\/2025\/05\/logococoon250.png 250w\" data-sizes=\"auto\" data-orig-sizes=\"(max-width: 800px) 100vw, 250px\" \/><\/a><\/span><\/div><div class=\"fusion-title title fusion-title-15 fusion-sep-none fusion-title-text fusion-title-size-five\" style=\"--awb-margin-top:0px;--awb-margin-right:40px;--awb-margin-bottom:10px;--awb-margin-left:30px;--awb-margin-top-small:10px;--awb-margin-right-small:30px;--awb-margin-bottom-small:10px;--awb-margin-left-small:30px;--awb-font-size:17px;\"><h5 class=\"fusion-title-heading title-heading-left\" style=\"margin:0;font-size:1em;line-height:24px;\"><a href=\"https:\/\/www.natuurlijkekappers.be\/fr\/natuurlijke-kapsalon\/cocoon-coiffure\/\" class=\"awb-custom-text-color awb-custom-text-hover-color\" target=\"_self\">Cocoon Coiffure<\/a><\/h5><\/div><div class=\"fusion-text fusion-text-29 fusion-text-no-margin\" style=\"--awb-font-size:14px;--awb-margin-top:10px;--awb-margin-right:30px;--awb-margin-bottom:0px;--awb-margin-left:30px;\"><p>Rue des Corbeaux 32 Beyne-Heusay 4610<\/p>\n<\/div><div class=\"fusion-separator fusion-full-width-sep\" style=\"align-self: center;margin-left: auto;margin-right: auto;flex-grow:2;width:100%;\"><div class=\"fusion-separator-border sep-single sep-solid\" style=\"--awb-height:20px;--awb-amount:20px;border-color:var(--awb-color3);border-top-width:0px;\"><\/div><\/div><div ><a class=\"fusion-button button-flat fusion-button-default-size button-custom fusion-button-default button-14 fusion-button-default-span\" style=\"--awb-padding-top:13px;--awb-padding-right:29px;--awb-padding-bottom:0px;--awb-padding-left:30px;--button_accent_color:var(--awb-color5);--button_border_color:var(--awb-color5);--button_accent_hover_color:hsla(var(--awb-color5-h),var(--awb-color5-s),var(--awb-color5-l),calc(var(--awb-color5-a) - 20%));--button_border_hover_color:var(--awb-color4);--button_border_width-top:0px;--button_border_width-right:0px;--button_border_width-bottom:0px;--button_border_width-left:0px;--button-border-radius-top-left:4px;--button-border-radius-top-right:4px;--button-border-radius-bottom-right:4px;--button-border-radius-bottom-left:4px;--button_gradient_top_color:hsla(var(--awb-color1-h),var(--awb-color1-s),var(--awb-color1-l),calc(var(--awb-color1-a) - 100%));--button_gradient_bottom_color:hsla(var(--awb-color1-h),var(--awb-color1-s),var(--awb-color1-l),calc(var(--awb-color1-a) - 100%));--button_gradient_top_color_hover:hsla(var(--awb-color1-h),var(--awb-color1-s),var(--awb-color1-l),calc(var(--awb-color1-a) - 100%));--button_gradient_bottom_color_hover:hsla(var(--awb-color1-h),var(--awb-color1-s),var(--awb-color1-l),calc(var(--awb-color1-a) - 100%));--button_text_transform:var(--awb-typography3-text-transform);--button_font_size:var(--awb-typography3-font-size);--button_line_height:var(--awb-typography3-line-height);--button_typography-letter-spacing:var(--awb-typography3-letter-spacing);--button_typography-font-family:var(--awb-typography3-font-family);--button_typography-font-weight:var(--awb-typography3-font-weight);--button_typography-font-style:var(--awb-typography3-font-style);\" target=\"_self\" href=\"https:\/\/www.natuurlijkekappers.be\/fr\/natuurlijke-kapsalon\/cocoon-coiffure\/\"><span class=\"fusion-button-text awb-button__text awb-button__text--default\">Voir plus de ce salon<\/span><\/a><\/div><\/div><\/li>\n<li class=\"fusion-layout-column fusion_builder_column fusion-builder-column-17 fusion-flex-column post-card fusion-grid-column fusion-post-cards-grid-column provincie-brussels-hoofdstedelijk-gewest-bhg\" style=\"--awb-padding-bottom:40px;--awb-bg-color:#dfddd2;--awb-bg-color-hover:#dfddd2;--awb-bg-blend:overlay;--awb-bg-size:cover;--awb-flex-grow:0;--awb-flex-shrink:0;--awb-flex-grow-medium:0;--awb-flex-shrink-medium:0;--awb-flex-grow-small:0;--awb-flex-shrink-small:0;\" data-scroll-devices=\"small-visibility,medium-visibility,large-visibility\"><div class=\"fusion-column-wrapper fusion-column-has-shadow fusion-flex-justify-content-flex-start fusion-content-layout-column\"><div class=\"fusion-text fusion-text-30 fusion-text-no-margin plaats-class\" style=\"--awb-content-alignment:center;--awb-text-transform:uppercase;--awb-margin-top:10px;--awb-margin-right:30px;--awb-margin-bottom:10px;--awb-margin-left:30px;\"><p>Schaerbeek<\/p>\n<\/div><div class=\"fusion-image-element\" style=\"--awb-aspect-ratio:1 \/ 1;--awb-object-position:49% 53%;--awb-margin-bottom:40px;--awb-caption-title-color:var(--awb-color1);--awb-caption-text-color:var(--awb-color1);--awb-caption-overlay-color:var(--awb-color8);--awb-caption-background-color:var(--awb-color5);--awb-caption-title-font-family:var(--h2_typography-font-family);--awb-caption-title-font-weight:var(--h2_typography-font-weight);--awb-caption-title-font-style:var(--h2_typography-font-style);--awb-caption-title-size:var(--h2_typography-font-size);--awb-caption-title-transform:var(--h2_typography-text-transform);--awb-caption-title-line-height:var(--h2_typography-line-height);--awb-caption-title-letter-spacing:var(--h2_typography-letter-spacing);\"><span class=\"fusion-imageframe imageframe-none imageframe-15 hover-type-none has-aspect-ratio\"><a class=\"fusion-no-lightbox\" href=\"https:\/\/www.natuurlijkekappers.be\/fr\/natuurlijke-kapsalon\/ng-coiffure\/\" target=\"_self\" aria-label=\"ng coiffure\"><img decoding=\"async\" width=\"526\" height=\"526\" alt=\"ng coiffure\" src=\"https:\/\/www.natuurlijkekappers.be\/wp-content\/uploads\/2025\/05\/ng-coiffure.jpg\" data-orig-src=\"https:\/\/www.natuurlijkekappers.be\/wp-content\/uploads\/2025\/05\/ng-coiffure.jpg\" class=\"lazyload img-responsive wp-image-1696 img-with-aspect-ratio\" data-parent-fit=\"cover\" data-parent-container=\".fusion-image-element\" srcset=\"data:image\/svg+xml,%3Csvg%20xmlns%3D%27http%3A%2F%2Fwww.w3.org%2F2000%2Fsvg%27%20width%3D%27526%27%20height%3D%27526%27%20viewBox%3D%270%200%20526%20526%27%3E%3Crect%20width%3D%27526%27%20height%3D%27526%27%20fill-opacity%3D%220%22%2F%3E%3C%2Fsvg%3E\" data-srcset=\"https:\/\/www.natuurlijkekappers.be\/wp-content\/uploads\/2025\/05\/ng-coiffure-200x200.jpg 200w, https:\/\/www.natuurlijkekappers.be\/wp-content\/uploads\/2025\/05\/ng-coiffure-400x400.jpg 400w, https:\/\/www.natuurlijkekappers.be\/wp-content\/uploads\/2025\/05\/ng-coiffure.jpg 526w\" data-sizes=\"auto\" data-orig-sizes=\"(max-width: 800px) 100vw, 526px\" \/><\/a><\/span><\/div><div class=\"fusion-title title fusion-title-16 fusion-sep-none fusion-title-text fusion-title-size-five\" style=\"--awb-margin-top:0px;--awb-margin-right:40px;--awb-margin-bottom:10px;--awb-margin-left:30px;--awb-margin-top-small:10px;--awb-margin-right-small:30px;--awb-margin-bottom-small:10px;--awb-margin-left-small:30px;--awb-font-size:17px;\"><h5 class=\"fusion-title-heading title-heading-left\" style=\"margin:0;font-size:1em;line-height:24px;\"><a href=\"https:\/\/www.natuurlijkekappers.be\/fr\/natuurlijke-kapsalon\/ng-coiffure\/\" class=\"awb-custom-text-color awb-custom-text-hover-color\" target=\"_self\">NG Coiffure<\/a><\/h5><\/div><div class=\"fusion-text fusion-text-31 fusion-text-no-margin\" style=\"--awb-font-size:14px;--awb-margin-top:10px;--awb-margin-right:30px;--awb-margin-bottom:0px;--awb-margin-left:30px;\"><p>Rue Guillaume Kennisstraat 53 1030 Schaerbeek<\/p>\n<\/div><div class=\"fusion-separator fusion-full-width-sep\" style=\"align-self: center;margin-left: auto;margin-right: auto;flex-grow:2;width:100%;\"><div class=\"fusion-separator-border sep-single sep-solid\" style=\"--awb-height:20px;--awb-amount:20px;border-color:var(--awb-color3);border-top-width:0px;\"><\/div><\/div><div ><a class=\"fusion-button button-flat fusion-button-default-size button-custom fusion-button-default button-15 fusion-button-default-span\" style=\"--awb-padding-top:13px;--awb-padding-right:29px;--awb-padding-bottom:0px;--awb-padding-left:30px;--button_accent_color:var(--awb-color5);--button_border_color:var(--awb-color5);--button_accent_hover_color:hsla(var(--awb-color5-h),var(--awb-color5-s),var(--awb-color5-l),calc(var(--awb-color5-a) - 20%));--button_border_hover_color:var(--awb-color4);--button_border_width-top:0px;--button_border_width-right:0px;--button_border_width-bottom:0px;--button_border_width-left:0px;--button-border-radius-top-left:4px;--button-border-radius-top-right:4px;--button-border-radius-bottom-right:4px;--button-border-radius-bottom-left:4px;--button_gradient_top_color:hsla(var(--awb-color1-h),var(--awb-color1-s),var(--awb-color1-l),calc(var(--awb-color1-a) - 100%));--button_gradient_bottom_color:hsla(var(--awb-color1-h),var(--awb-color1-s),var(--awb-color1-l),calc(var(--awb-color1-a) - 100%));--button_gradient_top_color_hover:hsla(var(--awb-color1-h),var(--awb-color1-s),var(--awb-color1-l),calc(var(--awb-color1-a) - 100%));--button_gradient_bottom_color_hover:hsla(var(--awb-color1-h),var(--awb-color1-s),var(--awb-color1-l),calc(var(--awb-color1-a) - 100%));--button_text_transform:var(--awb-typography3-text-transform);--button_font_size:var(--awb-typography3-font-size);--button_line_height:var(--awb-typography3-line-height);--button_typography-letter-spacing:var(--awb-typography3-letter-spacing);--button_typography-font-family:var(--awb-typography3-font-family);--button_typography-font-weight:var(--awb-typography3-font-weight);--button_typography-font-style:var(--awb-typography3-font-style);\" target=\"_self\" href=\"https:\/\/www.natuurlijkekappers.be\/fr\/natuurlijke-kapsalon\/ng-coiffure\/\"><span class=\"fusion-button-text awb-button__text awb-button__text--default\">Voir plus de ce salon<\/span><\/a><\/div><\/div><\/li>\n<li class=\"fusion-layout-column fusion_builder_column fusion-builder-column-18 fusion-flex-column post-card fusion-grid-column fusion-post-cards-grid-column provincie-brussels-hoofdstedelijk-gewest-bhg\" style=\"--awb-padding-bottom:40px;--awb-bg-color:#dfddd2;--awb-bg-color-hover:#dfddd2;--awb-bg-blend:overlay;--awb-bg-size:cover;--awb-flex-grow:0;--awb-flex-shrink:0;--awb-flex-grow-medium:0;--awb-flex-shrink-medium:0;--awb-flex-grow-small:0;--awb-flex-shrink-small:0;\" data-scroll-devices=\"small-visibility,medium-visibility,large-visibility\"><div class=\"fusion-column-wrapper fusion-column-has-shadow fusion-flex-justify-content-flex-start fusion-content-layout-column\"><div class=\"fusion-text fusion-text-32 fusion-text-no-margin plaats-class\" style=\"--awb-content-alignment:center;--awb-text-transform:uppercase;--awb-margin-top:10px;--awb-margin-right:30px;--awb-margin-bottom:10px;--awb-margin-left:30px;\"><p>Zaventem<\/p>\n<\/div><div class=\"fusion-image-element\" style=\"--awb-aspect-ratio:1 \/ 1;--awb-object-position:49% 53%;--awb-margin-bottom:40px;--awb-caption-title-color:var(--awb-color1);--awb-caption-text-color:var(--awb-color1);--awb-caption-overlay-color:var(--awb-color8);--awb-caption-background-color:var(--awb-color5);--awb-caption-title-font-family:var(--h2_typography-font-family);--awb-caption-title-font-weight:var(--h2_typography-font-weight);--awb-caption-title-font-style:var(--h2_typography-font-style);--awb-caption-title-size:var(--h2_typography-font-size);--awb-caption-title-transform:var(--h2_typography-text-transform);--awb-caption-title-line-height:var(--h2_typography-line-height);--awb-caption-title-letter-spacing:var(--h2_typography-letter-spacing);\"><span class=\"fusion-imageframe imageframe-none imageframe-16 hover-type-none has-aspect-ratio\"><a class=\"fusion-no-lightbox\" href=\"https:\/\/www.natuurlijkekappers.be\/fr\/natuurlijke-kapsalon\/be-vegetal\/\" target=\"_self\" aria-label=\"Soyez v\u00e9g\u00e9tal\"><img decoding=\"async\" width=\"300\" height=\"192\" alt=\"Soyez v\u00e9g\u00e9tal\" src=\"https:\/\/www.natuurlijkekappers.be\/wp-content\/uploads\/2025\/05\/logo-be-vegetal.webp\" data-orig-src=\"https:\/\/www.natuurlijkekappers.be\/wp-content\/uploads\/2025\/05\/logo-be-vegetal.webp\" class=\"lazyload img-responsive wp-image-1698 img-with-aspect-ratio\" data-parent-fit=\"cover\" data-parent-container=\".fusion-image-element\" srcset=\"data:image\/svg+xml,%3Csvg%20xmlns%3D%27http%3A%2F%2Fwww.w3.org%2F2000%2Fsvg%27%20width%3D%27300%27%20height%3D%27192%27%20viewBox%3D%270%200%20300%20192%27%3E%3Crect%20width%3D%27300%27%20height%3D%27192%27%20fill-opacity%3D%220%22%2F%3E%3C%2Fsvg%3E\" data-srcset=\"https:\/\/www.natuurlijkekappers.be\/wp-content\/uploads\/2025\/05\/logo-be-vegetal-200x128.webp 200w, https:\/\/www.natuurlijkekappers.be\/wp-content\/uploads\/2025\/05\/logo-be-vegetal.webp 300w\" data-sizes=\"auto\" data-orig-sizes=\"(max-width: 800px) 100vw, 300px\" \/><\/a><\/span><\/div><div class=\"fusion-title title fusion-title-17 fusion-sep-none fusion-title-text fusion-title-size-five\" style=\"--awb-margin-top:0px;--awb-margin-right:40px;--awb-margin-bottom:10px;--awb-margin-left:30px;--awb-margin-top-small:10px;--awb-margin-right-small:30px;--awb-margin-bottom-small:10px;--awb-margin-left-small:30px;--awb-font-size:17px;\"><h5 class=\"fusion-title-heading title-heading-left\" style=\"margin:0;font-size:1em;line-height:24px;\"><a href=\"https:\/\/www.natuurlijkekappers.be\/fr\/natuurlijke-kapsalon\/be-vegetal\/\" class=\"awb-custom-text-color awb-custom-text-hover-color\" target=\"_self\">Soyez v\u00e9g\u00e9tal<\/a><\/h5><\/div><div class=\"fusion-text fusion-text-33 fusion-text-no-margin\" style=\"--awb-font-size:14px;--awb-margin-top:10px;--awb-margin-right:30px;--awb-margin-bottom:0px;--awb-margin-left:30px;\"><p>Parklaan 48 1930 Zaventem<\/p>\n<\/div><div class=\"fusion-separator fusion-full-width-sep\" style=\"align-self: center;margin-left: auto;margin-right: auto;flex-grow:2;width:100%;\"><div class=\"fusion-separator-border sep-single sep-solid\" style=\"--awb-height:20px;--awb-amount:20px;border-color:var(--awb-color3);border-top-width:0px;\"><\/div><\/div><div ><a class=\"fusion-button button-flat fusion-button-default-size button-custom fusion-button-default button-16 fusion-button-default-span\" style=\"--awb-padding-top:13px;--awb-padding-right:29px;--awb-padding-bottom:0px;--awb-padding-left:30px;--button_accent_color:var(--awb-color5);--button_border_color:var(--awb-color5);--button_accent_hover_color:hsla(var(--awb-color5-h),var(--awb-color5-s),var(--awb-color5-l),calc(var(--awb-color5-a) - 20%));--button_border_hover_color:var(--awb-color4);--button_border_width-top:0px;--button_border_width-right:0px;--button_border_width-bottom:0px;--button_border_width-left:0px;--button-border-radius-top-left:4px;--button-border-radius-top-right:4px;--button-border-radius-bottom-right:4px;--button-border-radius-bottom-left:4px;--button_gradient_top_color:hsla(var(--awb-color1-h),var(--awb-color1-s),var(--awb-color1-l),calc(var(--awb-color1-a) - 100%));--button_gradient_bottom_color:hsla(var(--awb-color1-h),var(--awb-color1-s),var(--awb-color1-l),calc(var(--awb-color1-a) - 100%));--button_gradient_top_color_hover:hsla(var(--awb-color1-h),var(--awb-color1-s),var(--awb-color1-l),calc(var(--awb-color1-a) - 100%));--button_gradient_bottom_color_hover:hsla(var(--awb-color1-h),var(--awb-color1-s),var(--awb-color1-l),calc(var(--awb-color1-a) - 100%));--button_text_transform:var(--awb-typography3-text-transform);--button_font_size:var(--awb-typography3-font-size);--button_line_height:var(--awb-typography3-line-height);--button_typography-letter-spacing:var(--awb-typography3-letter-spacing);--button_typography-font-family:var(--awb-typography3-font-family);--button_typography-font-weight:var(--awb-typography3-font-weight);--button_typography-font-style:var(--awb-typography3-font-style);\" target=\"_self\" href=\"https:\/\/www.natuurlijkekappers.be\/fr\/natuurlijke-kapsalon\/be-vegetal\/\"><span class=\"fusion-button-text awb-button__text awb-button__text--default\">Voir plus de ce salon<\/span><\/a><\/div><\/div><\/li>\n<li class=\"fusion-layout-column fusion_builder_column fusion-builder-column-19 fusion-flex-column post-card fusion-grid-column fusion-post-cards-grid-column provincie-antwerpen-an provincie-brussels-hoofdstedelijk-gewest-bhg provincie-henegouwen-hn provincie-limburg-li provincie-luik-lu provincie-luxemburg-lx provincie-namen-na provincie-oost-vlaanderen-ov provincie-vlaams-brabant-vb provincie-waals-brabant-wb provincie-west-vlaanderen-wv uitgelicht\" style=\"--awb-padding-bottom:40px;--awb-bg-color:#dfddd2;--awb-bg-color-hover:#dfddd2;--awb-bg-blend:overlay;--awb-bg-size:cover;--awb-flex-grow:0;--awb-flex-shrink:0;--awb-flex-grow-medium:0;--awb-flex-shrink-medium:0;--awb-flex-grow-small:0;--awb-flex-shrink-small:0;\" data-scroll-devices=\"small-visibility,medium-visibility,large-visibility\"><div class=\"fusion-column-wrapper fusion-column-has-shadow fusion-flex-justify-content-flex-start fusion-content-layout-column\"><div class=\"fusion-text fusion-text-34 fusion-text-no-margin plaats-class\" style=\"--awb-content-alignment:center;--awb-text-transform:uppercase;--awb-margin-top:10px;--awb-margin-right:30px;--awb-margin-bottom:10px;--awb-margin-left:30px;\"><p> \ud83d\uded2 Webshop \ud83d\uded2<\/p>\n<\/div><div class=\"fusion-image-element\" style=\"--awb-aspect-ratio:1 \/ 1;--awb-object-position:49% 53%;--awb-margin-bottom:40px;--awb-caption-title-color:var(--awb-color1);--awb-caption-text-color:var(--awb-color1);--awb-caption-overlay-color:var(--awb-color8);--awb-caption-background-color:var(--awb-color5);--awb-caption-title-font-family:var(--h2_typography-font-family);--awb-caption-title-font-weight:var(--h2_typography-font-weight);--awb-caption-title-font-style:var(--h2_typography-font-style);--awb-caption-title-size:var(--h2_typography-font-size);--awb-caption-title-transform:var(--h2_typography-text-transform);--awb-caption-title-line-height:var(--h2_typography-line-height);--awb-caption-title-letter-spacing:var(--h2_typography-letter-spacing);\"><span class=\"fusion-imageframe imageframe-none imageframe-17 hover-type-none has-aspect-ratio\"><a class=\"fusion-no-lightbox\" href=\"https:\/\/www.natuurlijkekappers.be\/fr\/natuurlijke-kapsalon\/de-natuurlijke-kapper\/\" target=\"_self\" aria-label=\"Le coiffeur naturel\"><img decoding=\"async\" width=\"1024\" height=\"1024\" alt=\"Le coiffeur naturel\" src=\"https:\/\/www.natuurlijkekappers.be\/wp-content\/uploads\/2023\/06\/De-Natuurlijke-Kapper.png\" data-orig-src=\"https:\/\/www.natuurlijkekappers.be\/wp-content\/uploads\/2023\/06\/De-Natuurlijke-Kapper.png\" class=\"lazyload img-responsive wp-image-929 img-with-aspect-ratio\" data-parent-fit=\"cover\" data-parent-container=\".fusion-image-element\" srcset=\"data:image\/svg+xml,%3Csvg%20xmlns%3D%27http%3A%2F%2Fwww.w3.org%2F2000%2Fsvg%27%20width%3D%271024%27%20height%3D%271024%27%20viewBox%3D%270%200%201024%201024%27%3E%3Crect%20width%3D%271024%27%20height%3D%271024%27%20fill-opacity%3D%220%22%2F%3E%3C%2Fsvg%3E\" data-srcset=\"https:\/\/www.natuurlijkekappers.be\/wp-content\/uploads\/2023\/06\/De-Natuurlijke-Kapper-200x200.png 200w, https:\/\/www.natuurlijkekappers.be\/wp-content\/uploads\/2023\/06\/De-Natuurlijke-Kapper-400x400.png 400w, https:\/\/www.natuurlijkekappers.be\/wp-content\/uploads\/2023\/06\/De-Natuurlijke-Kapper-600x600.png 600w, https:\/\/www.natuurlijkekappers.be\/wp-content\/uploads\/2023\/06\/De-Natuurlijke-Kapper-800x800.png 800w, https:\/\/www.natuurlijkekappers.be\/wp-content\/uploads\/2023\/06\/De-Natuurlijke-Kapper.png 1024w\" data-sizes=\"auto\" data-orig-sizes=\"(max-width: 800px) 100vw, 1024px\" \/><\/a><\/span><\/div><div class=\"fusion-title title fusion-title-18 fusion-sep-none fusion-title-text fusion-title-size-five\" style=\"--awb-margin-top:0px;--awb-margin-right:40px;--awb-margin-bottom:10px;--awb-margin-left:30px;--awb-margin-top-small:10px;--awb-margin-right-small:30px;--awb-margin-bottom-small:10px;--awb-margin-left-small:30px;--awb-font-size:17px;\"><h5 class=\"fusion-title-heading title-heading-left\" style=\"margin:0;font-size:1em;line-height:24px;\"><a href=\"https:\/\/www.natuurlijkekappers.be\/fr\/natuurlijke-kapsalon\/de-natuurlijke-kapper\/\" class=\"awb-custom-text-color awb-custom-text-hover-color\" target=\"_self\">La boutique du coiffeur naturel<\/a><\/h5><\/div><div class=\"fusion-text fusion-text-35 fusion-text-no-margin\" style=\"--awb-font-size:14px;--awb-margin-top:10px;--awb-margin-right:30px;--awb-margin-bottom:0px;--awb-margin-left:30px;\"><p>www.denatuurlijkekappershop.nl<\/p>\n<\/div><div class=\"fusion-separator fusion-full-width-sep\" style=\"align-self: center;margin-left: auto;margin-right: auto;flex-grow:2;width:100%;\"><div class=\"fusion-separator-border sep-single sep-solid\" style=\"--awb-height:20px;--awb-amount:20px;border-color:var(--awb-color3);border-top-width:0px;\"><\/div><\/div><div ><a class=\"fusion-button button-flat fusion-button-default-size button-custom fusion-button-default button-17 fusion-button-default-span\" style=\"--awb-padding-top:13px;--awb-padding-right:29px;--awb-padding-bottom:0px;--awb-padding-left:30px;--button_accent_color:var(--awb-color5);--button_border_color:var(--awb-color5);--button_accent_hover_color:hsla(var(--awb-color5-h),var(--awb-color5-s),var(--awb-color5-l),calc(var(--awb-color5-a) - 20%));--button_border_hover_color:var(--awb-color4);--button_border_width-top:0px;--button_border_width-right:0px;--button_border_width-bottom:0px;--button_border_width-left:0px;--button-border-radius-top-left:4px;--button-border-radius-top-right:4px;--button-border-radius-bottom-right:4px;--button-border-radius-bottom-left:4px;--button_gradient_top_color:hsla(var(--awb-color1-h),var(--awb-color1-s),var(--awb-color1-l),calc(var(--awb-color1-a) - 100%));--button_gradient_bottom_color:hsla(var(--awb-color1-h),var(--awb-color1-s),var(--awb-color1-l),calc(var(--awb-color1-a) - 100%));--button_gradient_top_color_hover:hsla(var(--awb-color1-h),var(--awb-color1-s),var(--awb-color1-l),calc(var(--awb-color1-a) - 100%));--button_gradient_bottom_color_hover:hsla(var(--awb-color1-h),var(--awb-color1-s),var(--awb-color1-l),calc(var(--awb-color1-a) - 100%));--button_text_transform:var(--awb-typography3-text-transform);--button_font_size:var(--awb-typography3-font-size);--button_line_height:var(--awb-typography3-line-height);--button_typography-letter-spacing:var(--awb-typography3-letter-spacing);--button_typography-font-family:var(--awb-typography3-font-family);--button_typography-font-weight:var(--awb-typography3-font-weight);--button_typography-font-style:var(--awb-typography3-font-style);\" target=\"_self\" href=\"https:\/\/www.natuurlijkekappers.be\/fr\/natuurlijke-kapsalon\/de-natuurlijke-kapper\/\"><span class=\"fusion-button-text awb-button__text awb-button__text--default\">Voir plus de ce salon<\/span><\/a><\/div><\/div><\/li>\n<li class=\"fusion-layout-column fusion_builder_column fusion-builder-column-20 fusion-flex-column post-card fusion-grid-column fusion-post-cards-grid-column provincie-namen-na\" style=\"--awb-padding-bottom:40px;--awb-bg-color:#dfddd2;--awb-bg-color-hover:#dfddd2;--awb-bg-blend:overlay;--awb-bg-size:cover;--awb-flex-grow:0;--awb-flex-shrink:0;--awb-flex-grow-medium:0;--awb-flex-shrink-medium:0;--awb-flex-grow-small:0;--awb-flex-shrink-small:0;\" data-scroll-devices=\"small-visibility,medium-visibility,large-visibility\"><div class=\"fusion-column-wrapper fusion-column-has-shadow fusion-flex-justify-content-flex-start fusion-content-layout-column\"><div class=\"fusion-text fusion-text-36 fusion-text-no-margin plaats-class\" style=\"--awb-content-alignment:center;--awb-text-transform:uppercase;--awb-margin-top:10px;--awb-margin-right:30px;--awb-margin-bottom:10px;--awb-margin-left:30px;\"><p>Namur<\/p>\n<\/div><div class=\"fusion-image-element\" style=\"--awb-aspect-ratio:1 \/ 1;--awb-object-position:49% 53%;--awb-margin-bottom:40px;--awb-caption-title-color:var(--awb-color1);--awb-caption-text-color:var(--awb-color1);--awb-caption-overlay-color:var(--awb-color8);--awb-caption-background-color:var(--awb-color5);--awb-caption-title-font-family:var(--h2_typography-font-family);--awb-caption-title-font-weight:var(--h2_typography-font-weight);--awb-caption-title-font-style:var(--h2_typography-font-style);--awb-caption-title-size:var(--h2_typography-font-size);--awb-caption-title-transform:var(--h2_typography-text-transform);--awb-caption-title-line-height:var(--h2_typography-line-height);--awb-caption-title-letter-spacing:var(--h2_typography-letter-spacing);\"><span class=\"fusion-imageframe imageframe-none imageframe-18 hover-type-none has-aspect-ratio\"><a class=\"fusion-no-lightbox\" href=\"https:\/\/www.natuurlijkekappers.be\/fr\/natuurlijke-kapsalon\/salon-evasion\/\" target=\"_self\" aria-label=\"Salon \u00c9vasion\"><img decoding=\"async\" width=\"636\" height=\"636\" alt=\"Salon \u00c9vasion\" src=\"https:\/\/www.natuurlijkekappers.be\/wp-content\/uploads\/2025\/05\/Salon-Evasion.jpg\" data-orig-src=\"https:\/\/www.natuurlijkekappers.be\/wp-content\/uploads\/2025\/05\/Salon-Evasion.jpg\" class=\"lazyload img-responsive wp-image-1711 img-with-aspect-ratio\" data-parent-fit=\"cover\" data-parent-container=\".fusion-image-element\" srcset=\"data:image\/svg+xml,%3Csvg%20xmlns%3D%27http%3A%2F%2Fwww.w3.org%2F2000%2Fsvg%27%20width%3D%27636%27%20height%3D%27636%27%20viewBox%3D%270%200%20636%20636%27%3E%3Crect%20width%3D%27636%27%20height%3D%27636%27%20fill-opacity%3D%220%22%2F%3E%3C%2Fsvg%3E\" data-srcset=\"https:\/\/www.natuurlijkekappers.be\/wp-content\/uploads\/2025\/05\/Salon-Evasion-200x200.jpg 200w, https:\/\/www.natuurlijkekappers.be\/wp-content\/uploads\/2025\/05\/Salon-Evasion-400x400.jpg 400w, https:\/\/www.natuurlijkekappers.be\/wp-content\/uploads\/2025\/05\/Salon-Evasion-600x600.jpg 600w, https:\/\/www.natuurlijkekappers.be\/wp-content\/uploads\/2025\/05\/Salon-Evasion.jpg 636w\" data-sizes=\"auto\" data-orig-sizes=\"(max-width: 800px) 100vw, 636px\" \/><\/a><\/span><\/div><div class=\"fusion-title title fusion-title-19 fusion-sep-none fusion-title-text fusion-title-size-five\" style=\"--awb-margin-top:0px;--awb-margin-right:40px;--awb-margin-bottom:10px;--awb-margin-left:30px;--awb-margin-top-small:10px;--awb-margin-right-small:30px;--awb-margin-bottom-small:10px;--awb-margin-left-small:30px;--awb-font-size:17px;\"><h5 class=\"fusion-title-heading title-heading-left\" style=\"margin:0;font-size:1em;line-height:24px;\"><a href=\"https:\/\/www.natuurlijkekappers.be\/fr\/natuurlijke-kapsalon\/salon-evasion\/\" class=\"awb-custom-text-color awb-custom-text-hover-color\" target=\"_self\">Salon \u00c9vasion<\/a><\/h5><\/div><div class=\"fusion-text fusion-text-37 fusion-text-no-margin\" style=\"--awb-font-size:14px;--awb-margin-top:10px;--awb-margin-right:30px;--awb-margin-bottom:0px;--awb-margin-left:30px;\"><p>13 Rue des Croisiers, 5000 Namur<\/p>\n<\/div><div class=\"fusion-separator fusion-full-width-sep\" style=\"align-self: center;margin-left: auto;margin-right: auto;flex-grow:2;width:100%;\"><div class=\"fusion-separator-border sep-single sep-solid\" style=\"--awb-height:20px;--awb-amount:20px;border-color:var(--awb-color3);border-top-width:0px;\"><\/div><\/div><div ><a class=\"fusion-button button-flat fusion-button-default-size button-custom fusion-button-default button-18 fusion-button-default-span\" style=\"--awb-padding-top:13px;--awb-padding-right:29px;--awb-padding-bottom:0px;--awb-padding-left:30px;--button_accent_color:var(--awb-color5);--button_border_color:var(--awb-color5);--button_accent_hover_color:hsla(var(--awb-color5-h),var(--awb-color5-s),var(--awb-color5-l),calc(var(--awb-color5-a) - 20%));--button_border_hover_color:var(--awb-color4);--button_border_width-top:0px;--button_border_width-right:0px;--button_border_width-bottom:0px;--button_border_width-left:0px;--button-border-radius-top-left:4px;--button-border-radius-top-right:4px;--button-border-radius-bottom-right:4px;--button-border-radius-bottom-left:4px;--button_gradient_top_color:hsla(var(--awb-color1-h),var(--awb-color1-s),var(--awb-color1-l),calc(var(--awb-color1-a) - 100%));--button_gradient_bottom_color:hsla(var(--awb-color1-h),var(--awb-color1-s),var(--awb-color1-l),calc(var(--awb-color1-a) - 100%));--button_gradient_top_color_hover:hsla(var(--awb-color1-h),var(--awb-color1-s),var(--awb-color1-l),calc(var(--awb-color1-a) - 100%));--button_gradient_bottom_color_hover:hsla(var(--awb-color1-h),var(--awb-color1-s),var(--awb-color1-l),calc(var(--awb-color1-a) - 100%));--button_text_transform:var(--awb-typography3-text-transform);--button_font_size:var(--awb-typography3-font-size);--button_line_height:var(--awb-typography3-line-height);--button_typography-letter-spacing:var(--awb-typography3-letter-spacing);--button_typography-font-family:var(--awb-typography3-font-family);--button_typography-font-weight:var(--awb-typography3-font-weight);--button_typography-font-style:var(--awb-typography3-font-style);\" target=\"_self\" href=\"https:\/\/www.natuurlijkekappers.be\/fr\/natuurlijke-kapsalon\/salon-evasion\/\"><span class=\"fusion-button-text awb-button__text awb-button__text--default\">Voir plus de ce salon<\/span><\/a><\/div><\/div><\/li>\n<\/ul><div class=\"pagination clearfix\"><\/div><div class=\"fusion-clearfix\"><\/div><\/div><\/div><\/div><\/div><\/div><\/p>","protected":false},"excerpt":{"rendered":"","protected":false},"author":1,"featured_media":0,"parent":0,"menu_order":0,"comment_status":"closed","ping_status":"closed","template":"100-width.php","meta":{"_acf_changed":false,"footnotes":""},"class_list":["post-1394","page","type-page","status-publish","hentry"],"acf":[],"_links":{"self":[{"href":"https:\/\/www.natuurlijkekappers.be\/fr\/wp-json\/wp\/v2\/pages\/1394","targetHints":{"allow":["GET"]}}],"collection":[{"href":"https:\/\/www.natuurlijkekappers.be\/fr\/wp-json\/wp\/v2\/pages"}],"about":[{"href":"https:\/\/www.natuurlijkekappers.be\/fr\/wp-json\/wp\/v2\/types\/page"}],"author":[{"embeddable":true,"href":"https:\/\/www.natuurlijkekappers.be\/fr\/wp-json\/wp\/v2\/users\/1"}],"replies":[{"embeddable":true,"href":"https:\/\/www.natuurlijkekappers.be\/fr\/wp-json\/wp\/v2\/comments?post=1394"}],"version-history":[{"count":8,"href":"https:\/\/www.natuurlijkekappers.be\/fr\/wp-json\/wp\/v2\/pages\/1394\/revisions"}],"predecessor-version":[{"id":1445,"href":"https:\/\/www.natuurlijkekappers.be\/fr\/wp-json\/wp\/v2\/pages\/1394\/revisions\/1445"}],"wp:attachment":[{"href":"https:\/\/www.natuurlijkekappers.be\/fr\/wp-json\/wp\/v2\/media?parent=1394"}],"curies":[{"name":"wp","href":"https:\/\/api.w.org\/{rel}","templated":true}]}}